{"id":31277,"date":"2020-04-12T18:26:49","date_gmt":"2020-04-12T16:26:49","guid":{"rendered":"https:\/\/www.aquimicasa.net\/blog\/?page_id=31277"},"modified":"2024-08-09T13:42:06","modified_gmt":"2024-08-09T11:42:06","slug":"inicio","status":"publish","type":"page","link":"https:\/\/www.aquimicasa.net\/blog\/","title":{"rendered":"Inicio"},"content":{"rendered":"<p><div class=\"fusion-fullwidth fullwidth-box fusion-builder-row-1 nonhundred-percent-fullwidth non-hundred-percent-height-scrolling\" style=\"background-color: rgba(255,255,255,0);background-position: center center;background-repeat: no-repeat;padding-top:0px;padding-right:0px;padding-bottom:0px;padding-left:0px;margin-bottom: 0px;margin-top: 0px;border-width: 0px 0px 0px 0px;border-color:#eae9e9;border-style:solid;\" ><div class=\"fusion-builder-row fusion-row\"><div class=\"fusion-layout-column fusion_builder_column fusion-builder-column-0 fusion_builder_column_1_1 1_1 fusion-one-full fusion-column-first fusion-column-last\" style=\"margin-top:0px;margin-bottom:20px;\"><div class=\"fusion-column-wrapper fusion-flex-column-wrapper-legacy\" style=\"background-position:left top;background-repeat:no-repeat;-webkit-background-size:cover;-moz-background-size:cover;-o-background-size:cover;background-size:cover;padding: 0px 0px 0px 0px;\"><div class=\"fusion-aligncenter\"><style type=\"text\/css\">.fusion-button.button-1 {border-radius:2px;}<\/style><a class=\"fusion-button button-flat button-xlarge button-default button-1 fusion-button-default-span fusion-button-default-type\" target=\"_self\" href=\"https:\/\/www.aquimicasa.net\/\"><span class=\"fusion-button-text\">ENCUENTRA TU CASA AQU\u00cd<\/span><i class=\"fa-hand-point-left fas button-icon-right\" aria-hidden=\"true\"><\/i><\/a><\/div><div class=\"fusion-sep-clear\"><\/div><div class=\"fusion-separator fusion-full-width-sep\" style=\"margin-left: auto;margin-right: auto;margin-top:3%;margin-bottom:3%;width:100%;\"><\/div><div class=\"fusion-sep-clear\"><\/div><div class=\"fusion-clearfix\"><\/div><\/div><\/div><\/div><\/div><div class=\"fusion-fullwidth fullwidth-box fusion-builder-row-2 nonhundred-percent-fullwidth non-hundred-percent-height-scrolling\" style=\"background-color: rgba(255,255,255,0);background-position: center center;background-repeat: no-repeat;padding-top:0px;padding-right:0px;padding-bottom:0px;padding-left:0px;margin-bottom: 0px;margin-top: 0px;border-width: 0px 0px 0px 0px;border-color:#eae9e9;border-style:solid;\" ><div class=\"fusion-builder-row fusion-row\"><div class=\"fusion-layout-column fusion_builder_column fusion-builder-column-1 fusion_builder_column_1_1 1_1 fusion-one-full fusion-column-first fusion-column-last\" style=\"margin-top:0px;margin-bottom:20px;\"><div class=\"fusion-column-wrapper fusion-flex-column-wrapper-legacy\" style=\"background-position:left top;background-repeat:no-repeat;-webkit-background-size:cover;-moz-background-size:cover;-o-background-size:cover;background-size:cover;padding: 0px 0px 0px 0px;\"><div class=\"fusion-blog-shortcode fusion-blog-shortcode-1 fusion-blog-archive fusion-blog-layout-medium-alternate fusion-blog-no\"><div class=\"fusion-posts-container fusion-posts-container-no fusion-blog-rollover\" data-pages=\"894\"><article id=\"blog-1-post-51747\" class=\"fusion-post-medium-alternate post-51747 post type-post status-publish format-standard has-post-thumbnail hentry category-partidos tag-newsletter-517 tag-noticia-de-portada\">\n<div class=\"fusion-date-and-formats\"><div class=\"fusion-date-box updated\"><span class=\"fusion-date\">6<\/span><span class=\"fusion-month-year\">06, 2025<\/span><\/div><div class=\"fusion-format-box\"><i class=\"fusion-icon-pen\" aria-hidden=\"true\"><\/i><\/div><\/div>\t<style type=\"text\/css\">\n\t\t\n\t\t\n\t\t\n\t\t\n\t\t\t<\/style>\n\n\n\t\t\t<div class=\"fusion-flexslider flexslider fusion-flexslider-loading fusion-post-slideshow\" style=\"\">\n\t\t<ul class=\"slides\">\n\t\t\t\n\t\t\t\t\t\t\t\t\t\t\t\t\t\t<li>\n\n<div  class=\"fusion-image-wrapper fusion-image-size-fixed\" aria-haspopup=\"true\">\n\t\n\t\n\t\n\t\t\n\t\t\t\t\t<img decoding=\"async\" width=\"320\" height=\"202\" src=\"https:\/\/www.aquimicasa.net\/blog\/wp-content\/uploads\/conferencia-de-presidentes-320x202.jpg\" class=\"attachment-blog-medium size-blog-medium wp-post-image\" alt=\"Cinco Comunidades Aut\u00f3nomas aprovechar\u00e1n los recursos del Estado en vivienda\" srcset=\"https:\/\/www.aquimicasa.net\/blog\/wp-content\/uploads\/conferencia-de-presidentes-320x202.jpg 320w, https:\/\/www.aquimicasa.net\/blog\/wp-content\/uploads\/conferencia-de-presidentes-700x441.jpg 700w\" sizes=\"(max-width: 320px) 100vw, 320px\" \/>\n\t\n\n\t\t<div class=\"fusion-rollover\">\n\t<div class=\"fusion-rollover-content\">\n\n\t\t\t\t\n\t\t\n\t\t\t\t\t\t\t\t\t\t\t\t<h4 class=\"fusion-rollover-title\">\n\t\t\t\t\t<a class=\"fusion-rollover-title-link\" href=\"https:\/\/www.aquimicasa.net\/blog\/administracion-y-gobierno\/partidos\/el-oportunismo-politico-ningunea-el-problema-de-la-vivienda\/\">\n\t\t\t\t\t\tEl oportunismo pol\u00edtico ningunea el problema de la vivienda\t\t\t\t\t<\/a>\n\t\t\t\t<\/h4>\n\t\t\t\n\t\t\t\t\t\t\t\t\n\t\t\n\t\t\t\t\t\t<a class=\"fusion-link-wrapper\" href=\"https:\/\/www.aquimicasa.net\/blog\/administracion-y-gobierno\/partidos\/el-oportunismo-politico-ningunea-el-problema-de-la-vivienda\/\" aria-label=\"El oportunismo pol\u00edtico ningunea el problema de la vivienda\"><\/a>\n\t<\/div>\n<\/div>\n\n\t\n<\/div>\n<\/li>\n\t\t\t\n\t\t\t\n\t\t\t\t\t\t\t\t\t\t\t\t\t\t\t\t\t\t\t\t\t\t\t\t\t\t\t\t\t\t\t\t\t\t\t\t\t\t\t\t\t\t\t\t\t\t\t\t\t\t\t\t\t\t\t\t\t\t\t\t\t\t\t\t\t\t\t\t<\/ul>\n\t<\/div>\n\t<div class=\"fusion-post-content post-content\"><h2 class=\"blog-shortcode-post-title entry-title\"><a href=\"https:\/\/www.aquimicasa.net\/blog\/administracion-y-gobierno\/partidos\/el-oportunismo-politico-ningunea-el-problema-de-la-vivienda\/\">El oportunismo pol\u00edtico ningunea el problema de la vivienda<\/a><\/h2><p class=\"fusion-single-line-meta\"><span class=\"updated\" style=\"display:none;\">2025-06-06T23:00:45+02:00<\/span>Por <span class=\"vcard\"><span class=\"fn\"><a href=\"https:\/\/www.aquimicasa.net\/blog\/author\/eduardo\/\" title=\"Entradas de Eduardo Lizarraga\" rel=\"author\">Eduardo Lizarraga<\/a><\/span><\/span><span class=\"fusion-inline-sep\">|<\/span><span class=\"fusion-comments\"><span>Comentarios desactivados<span class=\"screen-reader-text\"> en El oportunismo pol\u00edtico ningunea el problema de la vivienda<\/span><\/span><\/span><\/p><div class=\"fusion-post-content-container\"><p>La urgencia habitacional que golpea a millones de personas \u2014especialmente j\u00f3venes, familias con ingresos medios y bajos, y poblaci\u00f3n vulnerable\u2014 volvi\u00f3 a quedar ninguneada, sustituida por un discurso pol\u00edtico plagado de ataques cruzados y protagonismos personales. Ni el mercado inmobiliario puede autorregularse sin intervenci\u00f3n p\u00fablica ni el problema desaparecer\u00e1 ignor\u00e1ndolo.<\/p><\/div><\/div><div class=\"fusion-clearfix\"><\/div><div class=\"fusion-meta-info\"><div class=\"fusion-alignright\"><a class=\"fusion-read-more\" href=\"https:\/\/www.aquimicasa.net\/blog\/administracion-y-gobierno\/partidos\/el-oportunismo-politico-ningunea-el-problema-de-la-vivienda\/\" aria-label=\"More on El oportunismo pol\u00edtico ningunea el problema de la vivienda\">Leer M\u00e1s<\/a><\/div><\/div><\/article>\n<\/div><\/div><div class=\"fusion-clearfix\"><\/div><\/div><\/div><\/div><\/div><div class=\"fusion-fullwidth fullwidth-box fusion-builder-row-3 nonhundred-percent-fullwidth non-hundred-percent-height-scrolling\" style=\"background-color: rgba(255,255,255,0);background-position: center center;background-repeat: no-repeat;padding-top:0px;padding-right:0px;padding-bottom:0px;padding-left:0px;margin-bottom: 0px;margin-top: 0px;border-width: 0px 0px 0px 0px;border-color:#eae9e9;border-style:solid;\" ><div class=\"fusion-builder-row fusion-row\"><div class=\"fusion-layout-column fusion_builder_column fusion-builder-column-2 fusion_builder_column_3_5 3_5 fusion-three-fifth fusion-column-first\" style=\"width:60%;width:calc(60% - ( ( 4% ) * 0.6 ) );margin-right: 4%;margin-top:0px;margin-bottom:20px;\"><div class=\"fusion-column-wrapper fusion-flex-column-wrapper-legacy\" style=\"background-position:left top;background-repeat:no-repeat;-webkit-background-size:cover;-moz-background-size:cover;-o-background-size:cover;background-size:cover;padding: 0px 0px 0px 0px;\"><div class=\"fusion-recent-posts fusion-recent-posts-1 avada-container layout-thumbnails-on-side layout-columns-1\"><section class=\"fusion-columns columns fusion-columns-1 columns-1\"><article class=\"post fusion-column column col col-lg-12 col-md-12 col-sm-12\"><div class=\"fusion-flexslider fusion-flexslider-loading flexslider floated-slideshow flexslider-hover-type-none\"><ul class=\"slides\"><li><a href=\"https:\/\/www.aquimicasa.net\/blog\/vivienda\/construccion-de-viviendas\/amenabar-aterriza-con-612-vpo-en-el-centro-de-sevilla\/\" aria-label=\"Amenabar aterriza con 612 VPO en el centro de Sevilla\" class=\"hover-type-none\"><img decoding=\"async\" width=\"177\" height=\"142\" src=\"https:\/\/www.aquimicasa.net\/blog\/wp-content\/uploads\/Amenabar-177x142.jpg\" class=\"attachment-portfolio-five size-portfolio-five\" alt=\"Amenabar construir\u00e1 612 viviendas VPO en Sevilla\" \/><\/a><\/li><\/ul><\/div><div class=\"recent-posts-content\"><span class=\"vcard\" style=\"display: none;\"><span class=\"fn\"><a href=\"https:\/\/www.aquimicasa.net\/blog\/author\/eduardo\/\" title=\"Entradas de Eduardo Lizarraga\" rel=\"author\">Eduardo Lizarraga<\/a><\/span><\/span><span class=\"updated\" style=\"display:none;\">2026-09-05T11:44:56+02:00<\/span><h4 class=\"entry-title\"><a href=\"https:\/\/www.aquimicasa.net\/blog\/vivienda\/construccion-de-viviendas\/amenabar-aterriza-con-612-vpo-en-el-centro-de-sevilla\/\">Amenabar aterriza con 612 VPO en el centro de Sevilla<\/a><\/h4><p>Que una compa\u00f1\u00eda vasca cruce media pen\u00ednsula para construir VPO en el centro de una capital andaluza no es casualidad: es la prueba de que la vivienda protegida, lejos de ser el pariente pobre del negocio inmobiliario, se ha convertido en el segmento donde las grandes promotoras est\u00e1n concentrando su crecimiento, con la seguridad de la demanda garantizada y el respaldo institucional que rara vez ofrece la vivienda libre en un mercado tan err\u00e1tico como el actual.<\/p><\/div><\/article><article class=\"post fusion-column column col col-lg-12 col-md-12 col-sm-12\"><div class=\"fusion-flexslider fusion-flexslider-loading flexslider floated-slideshow flexslider-hover-type-none\"><ul class=\"slides\"><li><a href=\"https:\/\/www.aquimicasa.net\/blog\/vivienda\/compraventa-de-viviendas\/paris-berlin-y-madrid-el-podio-europeo-que-nadie-queria-ganar-%f0%9f%8f%86%f0%9f%8f%9a%ef%b8%8f\/\" aria-label=\"Par\u00eds, Berl\u00edn y Madrid: el podio europeo que nadie quer\u00eda ganar\" class=\"hover-type-none\"><img decoding=\"async\" width=\"177\" height=\"142\" src=\"https:\/\/www.aquimicasa.net\/blog\/wp-content\/uploads\/Madrid3-4-177x142.jpg\" class=\"attachment-portfolio-five size-portfolio-five\" alt=\"Las ciudades siguen subiendo sus precios\" \/><\/a><\/li><\/ul><\/div><div class=\"recent-posts-content\"><span class=\"vcard\" style=\"display: none;\"><span class=\"fn\"><a href=\"https:\/\/www.aquimicasa.net\/blog\/author\/eduardo\/\" title=\"Entradas de Eduardo Lizarraga\" rel=\"author\">Eduardo Lizarraga<\/a><\/span><\/span><span class=\"updated\" style=\"display:none;\">2026-09-04T21:37:02+02:00<\/span><h4 class=\"entry-title\"><a href=\"https:\/\/www.aquimicasa.net\/blog\/vivienda\/compraventa-de-viviendas\/paris-berlin-y-madrid-el-podio-europeo-que-nadie-queria-ganar-%f0%9f%8f%86%f0%9f%8f%9a%ef%b8%8f\/\">Par\u00eds, Berl\u00edn y Madrid: el podio europeo que nadie quer\u00eda ganar<\/a><\/h4><p>La buena noticia, si es que existe, es que la Comisi\u00f3n Europea ha abierto una consulta p\u00fablica para recabar medidas que alivien la presi\u00f3n del mercado de la vivienda en toda la Uni\u00f3n. La mala noticia es que, mientras Bruselas consulta, aqu\u00ed seguimos gestionando el d\u00eda a d\u00eda entre el Plan Estatal de Vivienda 2026-2030, una Ley de Vivienda cuya aplicaci\u00f3n real var\u00eda seg\u00fan a qu\u00e9 comunidad aut\u00f3noma le preguntes, y una batalla permanente sobre la ratificaci\u00f3n de decretos de zonas tensionadas que a estas alturas ya podr\u00eda tener su propia temporada de serie documental.<\/p><\/div><\/article><article class=\"post fusion-column column col col-lg-12 col-md-12 col-sm-12\"><div class=\"fusion-flexslider fusion-flexslider-loading flexslider floated-slideshow flexslider-hover-type-none\"><ul class=\"slides\"><li><a href=\"https:\/\/www.aquimicasa.net\/blog\/vivienda\/compraventa-de-viviendas\/vivienda-reparte-90-millones-entre-comunidades-tensionadas\/\" aria-label=\"Vivienda reparte 90 millones entre comunidades tensionadas\" class=\"hover-type-none\"><img decoding=\"async\" width=\"177\" height=\"142\" src=\"https:\/\/www.aquimicasa.net\/blog\/wp-content\/uploads\/Alquileres3-1-177x142.png\" class=\"attachment-portfolio-five size-portfolio-five\" alt=\"Nuevas zonas tensionadas\" \/><\/a><\/li><\/ul><\/div><div class=\"recent-posts-content\"><span class=\"vcard\" style=\"display: none;\"><span class=\"fn\"><a href=\"https:\/\/www.aquimicasa.net\/blog\/author\/eduardo\/\" title=\"Entradas de Eduardo Lizarraga\" rel=\"author\">Eduardo Lizarraga<\/a><\/span><\/span><span class=\"updated\" style=\"display:none;\">2026-09-03T23:18:53+02:00<\/span><h4 class=\"entry-title\"><a href=\"https:\/\/www.aquimicasa.net\/blog\/vivienda\/compraventa-de-viviendas\/vivienda-reparte-90-millones-entre-comunidades-tensionadas\/\">Vivienda reparte 90 millones entre comunidades tensionadas<\/a><\/h4><p>Es una apuesta razonable sobre el papel: Espa\u00f1a necesita ampliar un parque p\u00fablico de vivienda hoy a a\u00f1os luz de la media europea. El problema es de escala. Noventa millones repartidos entre cinco comunidades y m\u00e1s de trescientos municipios son una cantidad modesta frente a la crisis habitacional. Que el dinero se destine bien es condici\u00f3n necesaria, pero no suficiente, para que el impacto llegue a los precios que paga cada inquilino.<\/p><\/div><\/article><article class=\"post fusion-column column col col-lg-12 col-md-12 col-sm-12\"><div class=\"fusion-flexslider fusion-flexslider-loading flexslider floated-slideshow flexslider-hover-type-none\"><ul class=\"slides\"><li><a href=\"https:\/\/www.aquimicasa.net\/blog\/economia\/credito-hipotecario\/un-fondo-con-12-250-millones-para-construir-vivienda-asequible\/\" aria-label=\"Un fondo con 12.250 millones para construir vivienda asequible\" class=\"hover-type-none\"><img decoding=\"async\" width=\"177\" height=\"142\" src=\"https:\/\/www.aquimicasa.net\/blog\/wp-content\/uploads\/Fondo-Espana-Crece-177x142.jpg\" class=\"attachment-portfolio-five size-portfolio-five\" alt=\"Presentaci\u00f3n del fondo Espa\u00f1a Crece\" \/><\/a><\/li><\/ul><\/div><div class=\"recent-posts-content\"><span class=\"vcard\" style=\"display: none;\"><span class=\"fn\"><a href=\"https:\/\/www.aquimicasa.net\/blog\/author\/eduardo\/\" title=\"Entradas de Eduardo Lizarraga\" rel=\"author\">Eduardo Lizarraga<\/a><\/span><\/span><span class=\"updated\" style=\"display:none;\">2026-09-03T22:22:28+02:00<\/span><h4 class=\"entry-title\"><a href=\"https:\/\/www.aquimicasa.net\/blog\/economia\/credito-hipotecario\/un-fondo-con-12-250-millones-para-construir-vivienda-asequible\/\">Un fondo con 12.250 millones para construir vivienda asequible<\/a><\/h4><p>La intenci\u00f3n declarada es poner en el mercado viviendas cuyo precio sea compatible con los salarios medios espa\u00f1oles, en un contexto en el que la escasez de oferta y el encarecimiento del suelo y de la construcci\u00f3n llevan a\u00f1os estrangulando la formaci\u00f3n de nuevos hogares.<\/p><\/div><\/article><article class=\"post fusion-column column col col-lg-12 col-md-12 col-sm-12\"><div class=\"fusion-flexslider fusion-flexslider-loading flexslider floated-slideshow flexslider-hover-type-none\"><ul class=\"slides\"><li><a href=\"https:\/\/www.aquimicasa.net\/blog\/vivienda\/compraventa-de-viviendas\/vivienda-destina-45-millones-a-residencias-de-estudiantes\/\" aria-label=\"Vivienda destina 45 millones a residencias de estudiantes\" class=\"hover-type-none\"><img decoding=\"async\" width=\"177\" height=\"142\" src=\"https:\/\/www.aquimicasa.net\/blog\/wp-content\/uploads\/Ministerio-Residencias-177x142.jpg\" class=\"attachment-portfolio-five size-portfolio-five\" alt=\"El Ministerio de Vivienda destinar\u00e1 45 millones de euros a la comunidad universitaria\" \/><\/a><\/li><\/ul><\/div><div class=\"recent-posts-content\"><span class=\"vcard\" style=\"display: none;\"><span class=\"fn\"><a href=\"https:\/\/www.aquimicasa.net\/blog\/author\/eduardo\/\" title=\"Entradas de Eduardo Lizarraga\" rel=\"author\">Eduardo Lizarraga<\/a><\/span><\/span><span class=\"updated\" style=\"display:none;\">2026-09-02T20:09:34+02:00<\/span><h4 class=\"entry-title\"><a href=\"https:\/\/www.aquimicasa.net\/blog\/vivienda\/compraventa-de-viviendas\/vivienda-destina-45-millones-a-residencias-de-estudiantes\/\">Vivienda destina 45 millones a residencias de estudiantes<\/a><\/h4><p>Las promociones financiadas deber\u00e1n mantener su finalidad p\u00fablica y respetar unas condiciones de precio asequible que fijar\u00e1 el propio Ministerio en las resoluciones o convenios correspondientes, donde tambi\u00e9n se concretar\u00e1n las actuaciones y los plazos de ejecuci\u00f3n de cada proyecto. El precio m\u00e1ximo de cada plaza tendr\u00e1 que incluir servicios como la electricidad, el agua y la conexi\u00f3n wifi,<\/p><\/div><\/article><\/section><\/div><div class=\"fusion-clearfix\"><\/div><\/div><\/div><div class=\"fusion-layout-column fusion_builder_column fusion-builder-column-3 fusion_builder_column_1_3 1_3 fusion-one-third fusion-column-last\" style=\"width:33.333333333333%;width:calc(33.333333333333% - ( ( 4% ) * 0.33333333333333 ) );margin-top:0px;margin-bottom:20px;\"><div class=\"fusion-column-wrapper fusion-flex-column-wrapper-legacy\" style=\"background-position:left top;background-repeat:no-repeat;-webkit-background-size:cover;-moz-background-size:cover;-o-background-size:cover;background-size:cover;padding: 0px 0px 0px 0px;\"><style type=\"text\/css\">.fusion-button.button-1 {border-radius:2px;}<\/style>\n<form class=\"simple_form form form-vertical\" id=\"subscribe-form\" action=\"https:\/\/aquimicasa.ipzmarketing.com\/f\/7T8euPZ7qjs\" accept-charset=\"UTF-8\" method=\"post\">\n  \n    <input type=\"text\" name=\"anotheremail\" id=\"anotheremail\" style=\"position: absolute; left: -5000px\" tabindex=\"-1\" autocomplete=\"new-password\" \/>\n    <div class=\"signup-form-content\" style=\"background-color: #ededed; padding: 10px; margin-bottom: 30px;\">\n        <div style=\"width: 100%\">\n      <div class=\"form-group email optional subscriber_email\"><label class=\"control-label email optional\" for=\"subscriber_email\">\n        <h2 class=\"title-heading-left fusion-responsive-typography-calculated\" style=\"margin: 0px; font-size: 22px; color: rgba(0, 0, 0, 0.8); --fontSize: 22; line-height: 1.5; --minFontSize: 22;\" data-fontsize=\"22\" data-lineheight=\"33px\">Mantente informado con nuestro bolet\u00edn de noticias inmobiliarias<\/h2>\n\n\n      <\/label><input class=\"form-control string email optional\" type=\"email\" name=\"subscriber[email]\" id=\"subscriber_email\" placeholder=\"tu email\" style=\"margin: 5px 0\" \/><p class=\"help-block\" style=\"font-size: 12px\">No te enviaremos spam<\/p><\/div>\n  <\/div>\n        <div style=\"width: 100%\">\n      <div class=\"form-group boolean required subscriber_subscribed_with_acceptance\"><div class=\"checkbox\"><input value=\"0\" autocomplete=\"off\" type=\"hidden\" name=\"subscriber[subscribed_with_acceptance]\" \/><label class=\"boolean required\" for=\"subscriber_subscribed_with_acceptance\"><input class=\"boolean required\" required=\"required\" aria-required=\"true\" type=\"checkbox\" value=\"1\" name=\"subscriber[subscribed_with_acceptance]\" id=\"subscriber_subscribed_with_acceptance\" \/>Acepto la <a href=\"https:\/\/www.aquimicasa.net\/politica-privacidad.html\" target=\"_blank\">pol\u00edtica de privacidad<\/a><\/label><\/div><\/div>\n  <\/div>\n      <div class=\"submit-wrapper\" style=\"padding:10px 0 20px 0\">\n        <input type=\"submit\" name=\"commit\" value=\"Enviar\" class=\"fusion-button button-flat button-xlarge button-default button-1 fusion-button-default-span fusion-button-default-type\" data-disable-with=\"Procesando\" \/>\n      <\/div>\n  <\/div><\/form><style type=\"text\/css\"><\/style><div class=\"fusion-title title fusion-title-1 sep-underline sep-dotted fusion-title-text fusion-title-size-two\" style=\"border-bottom-color:#e0dede;font-size:22px;margin-top:0px;margin-right:0px;margin-bottom:31px;margin-left:0px;\"><h2 class=\"title-heading-left\" style=\"margin:0;font-size:1em;color:rgba(0,0,0,0.8);\">Actualidad Agencias Inmobiliarias<\/h2><\/div><div class=\"fusion-blog-shortcode fusion-blog-shortcode-2 fusion-blog-archive fusion-blog-layout-large fusion-blog-no\"><div class=\"fusion-posts-container fusion-posts-container-no fusion-blog-rollover\" data-pages=\"1\"><article id=\"blog-2-post-29104\" class=\"fusion-post-large post-29104 post type-post status-publish format-standard has-post-thumbnail hentry category-agencias-inmobiliarias tag-actualidad-agencias-inmobiliarias tag-agencia-newsletter-3 tag-altabix tag-carrus tag-casas-en-venta-en-elche tag-chalets-en-venta-en-elche tag-comprarcasa-premium tag-el-pla tag-pisos-en-venta-en-elche tag-pueblo-viejo\">\n\t<style type=\"text\/css\">\n\t\t\n\t\t\n\t\t\n\t\t\n\t\t\t<\/style>\n\n\n\t\t\t<div class=\"fusion-flexslider flexslider fusion-flexslider-loading fusion-post-slideshow\" style=\"\">\n\t\t<ul class=\"slides\">\n\t\t\t\n\t\t\t\t\t\t\t\t\t\t\t\t\t\t<li>\n\n<div  class=\"fusion-image-wrapper\" aria-haspopup=\"true\">\n\t\n\t\n\t\n\t\t\n\t\t\t\t\t<img decoding=\"async\" width=\"400\" height=\"225\" src=\"https:\/\/www.aquimicasa.net\/blog\/wp-content\/uploads\/Elche1-e1522014329983.jpg\" class=\"attachment-full size-full wp-post-image\" alt=\"\" \/>\n\t\n\n\t\t<div class=\"fusion-rollover\">\n\t<div class=\"fusion-rollover-content\">\n\n\t\t\t\t\n\t\t\n\t\t\t\t\t\t\t\t\t\t\t\t<h4 class=\"fusion-rollover-title\">\n\t\t\t\t\t<a class=\"fusion-rollover-title-link\" href=\"https:\/\/www.aquimicasa.net\/blog\/vivienda\/agencias-inmobiliarias\/mejor-oportunidad-de-pisos-y-casas-en-venta-en-elche\/\">\n\t\t\t\t\t\tMejor oportunidad de pisos y casas en venta en Elche\t\t\t\t\t<\/a>\n\t\t\t\t<\/h4>\n\t\t\t\n\t\t\t\t\t\t\t\t\n\t\t\n\t\t\t\t\t\t<a class=\"fusion-link-wrapper\" href=\"https:\/\/www.aquimicasa.net\/blog\/vivienda\/agencias-inmobiliarias\/mejor-oportunidad-de-pisos-y-casas-en-venta-en-elche\/\" aria-label=\"Mejor oportunidad de pisos y casas en venta en Elche\"><\/a>\n\t<\/div>\n<\/div>\n\n\t\n<\/div>\n<\/li>\n\t\t\t\n\t\t\t\n\t\t\t\t\t\t\t\t\t\t\t\t\t\t\t\t\t\t\t\t\t\t\t\t\t\t\t\t\t\t\t\t\t\t\t\t\t\t\t\t\t\t\t\t\t\t\t\t\t\t\t\t\t\t\t\t\t\t\t\t\t\t\t\t\t\t\t\t<\/ul>\n\t<\/div>\n\t<div class=\"fusion-post-content post-content\"><h2 class=\"blog-shortcode-post-title entry-title\"><a href=\"https:\/\/www.aquimicasa.net\/blog\/vivienda\/agencias-inmobiliarias\/mejor-oportunidad-de-pisos-y-casas-en-venta-en-elche\/\">Mejor oportunidad de pisos y casas en venta en Elche<\/a><\/h2><div class=\"fusion-post-content-container\"><p>Mucho ha crecido Elche en todos estos a\u00f1os y alcanza ya la cifra de 230.000 habitantes, siendo as\u00ed la tercera ciudad m\u00e1s poblada de la Comunidad Valenciana. Desde las \u00faltimas estribaciones de la sierra b\u00e9tica, la urbe se asienta en una amplia llanura dividida por el cauce del r\u00edo Vinalop\u00f3, abri\u00e9ndose al mar con un litoral de dunas y pinares de casi 12 kil\u00f3metros de extensi\u00f3n.<\/p><\/div><\/div><div class=\"fusion-clearfix\"><\/div><div class=\"fusion-meta-info\"><div class=\"fusion-alignleft\"><span class=\"vcard\" style=\"display: none;\"><span class=\"fn\"><a href=\"https:\/\/www.aquimicasa.net\/blog\/author\/eduardo\/\" title=\"Entradas de Eduardo Lizarraga\" rel=\"author\">Eduardo Lizarraga<\/a><\/span><\/span><span class=\"updated\" style=\"display:none;\">2024-07-24T18:19:23+02:00<\/span><span>marzo 20th, 2020<\/span><span class=\"fusion-inline-sep\">|<\/span><\/div><div class=\"fusion-alignright\"><a class=\"fusion-read-more\" href=\"https:\/\/www.aquimicasa.net\/blog\/vivienda\/agencias-inmobiliarias\/mejor-oportunidad-de-pisos-y-casas-en-venta-en-elche\/\" aria-label=\"More on Mejor oportunidad de pisos y casas en venta en Elche\">Leer M\u00e1s<\/a><\/div><\/div><\/article>\n<article id=\"blog-2-post-28411\" class=\"fusion-post-large post-28411 post type-post status-publish format-standard has-post-thumbnail hentry category-agencias-inmobiliarias tag-actualidad-agencias-inmobiliarias tag-agencia-boletin-2 tag-pisos-en-venta-en-la-ciudad-de-oviedo tag-pisos-y-casas-en-venta-en-pueblos-de-asturias\">\n\t<style type=\"text\/css\">\n\t\t\n\t\t\n\t\t\n\t\t\n\t\t\t<\/style>\n\n\n\t\t\t<div class=\"fusion-flexslider flexslider fusion-flexslider-loading fusion-post-slideshow\" style=\"\">\n\t\t<ul class=\"slides\">\n\t\t\t\n\t\t\t\t\t\t\t\t\t\t\t\t\t\t<li>\n\n<div  class=\"fusion-image-wrapper\" aria-haspopup=\"true\">\n\t\n\t\n\t\n\t\t\n\t\t\t\t\t<img decoding=\"async\" width=\"400\" height=\"225\" src=\"https:\/\/www.aquimicasa.net\/blog\/wp-content\/uploads\/Oviedo2-e1591686951711.jpg\" class=\"attachment-full size-full wp-post-image\" alt=\"\" \/>\n\t\n\n\t\t<div class=\"fusion-rollover\">\n\t<div class=\"fusion-rollover-content\">\n\n\t\t\t\t\n\t\t\n\t\t\t\t\t\t\t\t\t\t\t\t<h4 class=\"fusion-rollover-title\">\n\t\t\t\t\t<a class=\"fusion-rollover-title-link\" href=\"https:\/\/www.aquimicasa.net\/blog\/vivienda\/agencias-inmobiliarias\/mejor-oferta-de-pisos-en-venta-en-oviedo\/\">\n\t\t\t\t\t\tMejor oferta de pisos en venta en Oviedo\t\t\t\t\t<\/a>\n\t\t\t\t<\/h4>\n\t\t\t\n\t\t\t\t\t\t\t\t\n\t\t\n\t\t\t\t\t\t<a class=\"fusion-link-wrapper\" href=\"https:\/\/www.aquimicasa.net\/blog\/vivienda\/agencias-inmobiliarias\/mejor-oferta-de-pisos-en-venta-en-oviedo\/\" aria-label=\"Mejor oferta de pisos en venta en Oviedo\"><\/a>\n\t<\/div>\n<\/div>\n\n\t\n<\/div>\n<\/li>\n\t\t\t\n\t\t\t\n\t\t\t\t\t\t\t\t\t\t\t\t\t\t\t\t\t\t\t\t\t\t\t\t\t\t\t\t\t\t\t\t\t\t\t\t\t\t\t\t\t\t\t\t\t\t\t\t\t\t\t\t\t\t\t\t\t\t\t\t\t\t\t\t\t\t\t\t<\/ul>\n\t<\/div>\n\t<div class=\"fusion-post-content post-content\"><h2 class=\"blog-shortcode-post-title entry-title\"><a href=\"https:\/\/www.aquimicasa.net\/blog\/vivienda\/agencias-inmobiliarias\/mejor-oferta-de-pisos-en-venta-en-oviedo\/\">Mejor oferta de pisos en venta en Oviedo<\/a><\/h2><div class=\"fusion-post-content-container\"><p>La verdadera funci\u00f3n de Oviedo en el entorno asturiano\u00a0 fue log\u00edstica, organizativa y financiera, gracias a su privilegiada situaci\u00f3n entre las cuencas hulleras y los puertos cant\u00e1bricos y a la apertura de cuatro bancos en la ciudad. Desde aquel momento muchas personas comenzaron a buscar la mejor oferta de pisos en venta en Oviedo.<\/p><\/div><\/div><div class=\"fusion-clearfix\"><\/div><div class=\"fusion-meta-info\"><div class=\"fusion-alignleft\"><span class=\"vcard\" style=\"display: none;\"><span class=\"fn\"><a href=\"https:\/\/www.aquimicasa.net\/blog\/author\/eduardo\/\" title=\"Entradas de Eduardo Lizarraga\" rel=\"author\">Eduardo Lizarraga<\/a><\/span><\/span><span class=\"updated\" style=\"display:none;\">2023-07-04T16:29:45+02:00<\/span><span>febrero 21st, 2020<\/span><span class=\"fusion-inline-sep\">|<\/span><\/div><div class=\"fusion-alignright\"><a class=\"fusion-read-more\" href=\"https:\/\/www.aquimicasa.net\/blog\/vivienda\/agencias-inmobiliarias\/mejor-oferta-de-pisos-en-venta-en-oviedo\/\" aria-label=\"More on Mejor oferta de pisos en venta en Oviedo\">Leer M\u00e1s<\/a><\/div><\/div><\/article>\n<\/div><\/div><div class=\"fusion-clearfix\"><\/div><\/div><\/div><\/div><\/div><div class=\"fusion-fullwidth fullwidth-box fusion-builder-row-4 nonhundred-percent-fullwidth non-hundred-percent-height-scrolling\" style=\"background-color: rgba(255,255,255,0);background-position: center center;background-repeat: no-repeat;padding-top:0px;padding-right:0px;padding-bottom:0px;padding-left:0px;margin-bottom: 0px;margin-top: 0px;border-width: 0px 0px 0px 0px;border-color:#eae9e9;border-style:solid;\" ><div class=\"fusion-builder-row fusion-row\"><div class=\"fusion-layout-column fusion_builder_column fusion-builder-column-4 fusion_builder_column_1_1 1_1 fusion-one-full fusion-column-first fusion-column-last\" style=\"margin-top:0px;margin-bottom:20px;\"><div class=\"fusion-column-wrapper fusion-flex-column-wrapper-legacy\" style=\"background-position:left top;background-repeat:no-repeat;-webkit-background-size:cover;-moz-background-size:cover;-o-background-size:cover;background-size:cover;padding: 0px 0px 0px 0px;\"><style type=\"text\/css\"><\/style><div class=\"fusion-title title fusion-title-2 sep-underline sep-dotted fusion-title-text fusion-title-size-two\" style=\"border-bottom-color:#e0dede;font-size:22px;margin-top:0px;margin-right:0px;margin-bottom:31px;margin-left:0px;\"><h2 class=\"title-heading-left\" style=\"margin:0;font-size:1em;\">Agencias Inmobiliarias Recomendadas<\/h2><\/div><div class=\"fusion-clearfix\"><\/div><\/div><\/div><div class=\"fusion-layout-column fusion_builder_column fusion-builder-column-5 fusion_builder_column_1_4 1_4 fusion-one-fourth fusion-column-first\" style=\"width:25%;width:calc(25% - ( ( 4% + 4% + 4% ) * 0.25 ) );margin-right: 4%;margin-top:0px;margin-bottom:20px;\"><div class=\"fusion-column-wrapper fusion-flex-column-wrapper-legacy\" style=\"background-position:left top;background-repeat:no-repeat;-webkit-background-size:cover;-moz-background-size:cover;-o-background-size:cover;background-size:cover;border-width: 0 0 0 0;border-color:#000000;border-style:solid;padding: 10% 0px 10% 0px;\"><div class=\"imageframe-align-center\"><span class=\" fusion-imageframe imageframe-none imageframe-1 hover-type-none\"><a class=\"fusion-no-lightbox\" href=\"https:\/\/www.aquimicasa.net\/profesionales\/393\/finques-ebre-mont-s-l-u\" target=\"_self\" aria-label=\"Logo Ebre Mont\"><img decoding=\"async\" width=\"150\" height=\"150\" src=\"https:\/\/www.aquimicasa.net\/blog\/wp-content\/uploads\/Logo-Ebre-Mont-1-150x150.jpg\" class=\"img-responsive wp-image-28313\" srcset=\"https:\/\/www.aquimicasa.net\/blog\/wp-content\/uploads\/Logo-Ebre-Mont-1-200x200.jpg 200w, https:\/\/www.aquimicasa.net\/blog\/wp-content\/uploads\/Logo-Ebre-Mont-1-400x400.jpg 400w, https:\/\/www.aquimicasa.net\/blog\/wp-content\/uploads\/Logo-Ebre-Mont-1.jpg 482w\" sizes=\"(max-width: 800px) 100vw, 400px\" \/><\/a><\/span><\/div><div class=\"fusion-sep-clear\"><\/div><div class=\"fusion-separator fusion-full-width-sep\" style=\"margin-left: auto;margin-right: auto;margin-top:5%;margin-bottom:5%;width:100%;\"><\/div><div class=\"fusion-sep-clear\"><\/div><div class=\"fusion-text fusion-text-1\"><p>La empresa <strong>Finques Ebremont<\/strong> S.L.U. fue creada por la tercera generaci\u00f3n de <strong>Agentes de la propiedad inmobiliaria<\/strong> (abuelo, padres y el actual propietario de Finques Ebremont S.L.U.), con una experiencia familiar \u00fanica, que comenz\u00f3 a ejercer como <strong>API<\/strong> desde el a\u00f1o 1966.<\/p>\n<\/div><div class=\"fusion-sep-clear\"><\/div><div class=\"fusion-separator fusion-full-width-sep\" style=\"margin-left: auto;margin-right: auto;margin-top:2%;margin-bottom:2%;width:100%;\"><\/div><div class=\"fusion-sep-clear\"><\/div><div class=\"fusion-aligncenter\"><style type=\"text\/css\">.fusion-button.button-2 .fusion-button-text, .fusion-button.button-2 i {color:#ffffff;}.fusion-button.button-2 .fusion-button-icon-divider{border-color:#ffffff;}.fusion-button.button-2:hover .fusion-button-text, .fusion-button.button-2:hover i,.fusion-button.button-2:focus .fusion-button-text, .fusion-button.button-2:focus i,.fusion-button.button-2:active .fusion-button-text, .fusion-button.button-2:active{color:#ffffff;}.fusion-button.button-2:hover .fusion-button-icon-divider, .fusion-button.button-2:hover .fusion-button-icon-divider, .fusion-button.button-2:active .fusion-button-icon-divider{border-color:#ffffff;}.fusion-button.button-2:hover, .fusion-button.button-2:focus, .fusion-button.button-2:active{border-color:#ffffff;}.fusion-button.button-2 {border-color:#ffffff;border-radius:2px;}.fusion-button.button-2{background: #282a2b;}.fusion-button.button-2:hover,.button-2:focus,.fusion-button.button-2:active{background: #282a2b;}<\/style><a class=\"fusion-button button-flat fusion-button-default-size button-custom button-2 fusion-button-default-span fusion-button-default-type\" target=\"_self\" href=\"https:\/\/www.aquimicasa.net\/profesionales\/393\/finques-ebre-mont-s-l-u\"><span class=\"fusion-button-text\">VER PISOS DE ESTA AGENCIA<\/span><\/a><\/div><div class=\"fusion-clearfix\"><\/div><\/div><\/div><div class=\"fusion-layout-column fusion_builder_column fusion-builder-column-6 fusion_builder_column_1_4 1_4 fusion-one-fourth\" style=\"width:25%;width:calc(25% - ( ( 4% + 4% + 4% ) * 0.25 ) );margin-right: 4%;margin-top:0px;margin-bottom:20px;\"><div class=\"fusion-column-wrapper fusion-flex-column-wrapper-legacy\" style=\"background-position:left top;background-repeat:no-repeat;-webkit-background-size:cover;-moz-background-size:cover;-o-background-size:cover;background-size:cover;padding: 0px 0px 10% 0px;\"><div class=\"imageframe-align-center\"><span class=\" fusion-imageframe imageframe-none imageframe-2 hover-type-none\"><a class=\"fusion-no-lightbox\" href=\"https:\/\/www.aquimicasa.net\/profesionales\/184\/geyhache-desarrollo-empresarial-s-l\" target=\"_self\" aria-label=\"Locales en Madrid\"><img decoding=\"async\" width=\"300\" height=\"179\" alt=\"Mejos agencia de locales en Madrid\" src=\"https:\/\/www.aquimicasa.net\/blog\/wp-content\/uploads\/logo-GeyHache1-300x179.jpg\" class=\"img-responsive wp-image-21106\" srcset=\"https:\/\/www.aquimicasa.net\/blog\/wp-content\/uploads\/logo-GeyHache1-150x89.jpg 150w, https:\/\/www.aquimicasa.net\/blog\/wp-content\/uploads\/logo-GeyHache1-300x179.jpg 300w, https:\/\/www.aquimicasa.net\/blog\/wp-content\/uploads\/logo-GeyHache1-768x458.jpg 768w, https:\/\/www.aquimicasa.net\/blog\/wp-content\/uploads\/logo-GeyHache1.jpg 945w\" sizes=\"(max-width: 300px) 100vw, 300px\" \/><\/a><\/span><\/div><div class=\"fusion-sep-clear\"><\/div><div class=\"fusion-separator fusion-full-width-sep\" style=\"margin-left: auto;margin-right: auto;margin-top:5%;margin-bottom:5%;width:100%;\"><\/div><div class=\"fusion-sep-clear\"><\/div><div class=\"fusion-text fusion-text-2\"><p>Y para alcanzar el puesto que ocupa, en <strong>Geyhache Desarrollo Empresarial<\/strong>, han tenido muy claro desde el principio el objetivo de proporcionar un asesoramiento completo a los clientes en estas operaciones.<\/p>\n<\/div><div class=\"fusion-sep-clear\"><\/div><div class=\"fusion-separator fusion-full-width-sep\" style=\"margin-left: auto;margin-right: auto;margin-top:2%;margin-bottom:2%;width:100%;\"><\/div><div class=\"fusion-sep-clear\"><\/div><div class=\"fusion-aligncenter\"><style type=\"text\/css\">.fusion-button.button-3 .fusion-button-text, .fusion-button.button-3 i {color:#ffffff;}.fusion-button.button-3 .fusion-button-icon-divider{border-color:#ffffff;}.fusion-button.button-3:hover .fusion-button-text, .fusion-button.button-3:hover i,.fusion-button.button-3:focus .fusion-button-text, .fusion-button.button-3:focus i,.fusion-button.button-3:active .fusion-button-text, .fusion-button.button-3:active{color:#ffffff;}.fusion-button.button-3:hover .fusion-button-icon-divider, .fusion-button.button-3:hover .fusion-button-icon-divider, .fusion-button.button-3:active .fusion-button-icon-divider{border-color:#ffffff;}.fusion-button.button-3:hover, .fusion-button.button-3:focus, .fusion-button.button-3:active{border-color:#ffffff;}.fusion-button.button-3 {border-color:#ffffff;border-radius:2px;}.fusion-button.button-3{background: #282a2b;}.fusion-button.button-3:hover,.button-3:focus,.fusion-button.button-3:active{background: #282a2b;}<\/style><a class=\"fusion-button button-flat fusion-button-default-size button-custom button-3 fusion-button-default-span fusion-button-default-type\" target=\"_self\" href=\"https:\/\/www.aquimicasa.net\/profesionales\/184\/geyhache-desarrollo-empresarial-s-l\"><span class=\"fusion-button-text\">VER PISOS DE ESTA AGENCIA<\/span><\/a><\/div><div class=\"fusion-clearfix\"><\/div><\/div><\/div><div class=\"fusion-layout-column fusion_builder_column fusion-builder-column-7 fusion_builder_column_1_4 1_4 fusion-one-fourth\" style=\"width:25%;width:calc(25% - ( ( 4% + 4% + 4% ) * 0.25 ) );margin-right: 4%;margin-top:0px;margin-bottom:20px;\"><div class=\"fusion-column-wrapper fusion-flex-column-wrapper-legacy\" style=\"background-position:left top;background-repeat:no-repeat;-webkit-background-size:cover;-moz-background-size:cover;-o-background-size:cover;background-size:cover;padding: 0px 0px 10% 0px;\"><div class=\"imageframe-align-center\"><span class=\" fusion-imageframe imageframe-none imageframe-3 hover-type-none\"><a class=\"fusion-no-lightbox\" href=\"https:\/\/www.aquimicasa.net\/profesionales\/383\/casas-soluciones-globales-sl\" target=\"_self\" aria-label=\"logo infocasa\"><img decoding=\"async\" width=\"150\" height=\"60\" src=\"https:\/\/www.aquimicasa.net\/blog\/wp-content\/uploads\/logo-infocasa-150x60.png\" class=\"img-responsive wp-image-32058\" srcset=\"https:\/\/www.aquimicasa.net\/blog\/wp-content\/uploads\/logo-infocasa-200x80.png 200w, https:\/\/www.aquimicasa.net\/blog\/wp-content\/uploads\/logo-infocasa.png 263w\" sizes=\"(max-width: 800px) 100vw, 150px\" \/><\/a><\/span><\/div><div class=\"fusion-sep-clear\"><\/div><div class=\"fusion-separator fusion-full-width-sep\" style=\"margin-left: auto;margin-right: auto;margin-top:5%;margin-bottom:2%;width:100%;\"><\/div><div class=\"fusion-sep-clear\"><\/div><div class=\"fusion-text fusion-text-3\"><p><strong>Infocasa Consulting<\/strong> ofrece orientaci\u00f3n al cliente, transparencia, honestidad, y un equipo t\u00e9cnico de asesoramiento jur\u00eddico y legal muy profesional, lo que en sus largos a\u00f1os de trabajo, le ha permitido convertirse en un referente en<strong> compraventa de viviendas<\/strong> de todo tipo, cualquier precio y en toda el \u00e1rea de <strong>Madrid capital<\/strong>.<\/p>\n<\/div><div class=\"fusion-sep-clear\"><\/div><div class=\"fusion-separator fusion-full-width-sep\" style=\"margin-left: auto;margin-right: auto;margin-top:2%;margin-bottom:2%;width:100%;\"><\/div><div class=\"fusion-sep-clear\"><\/div><div class=\"fusion-aligncenter\"><style type=\"text\/css\">.fusion-button.button-4 .fusion-button-text, .fusion-button.button-4 i {color:#ffffff;}.fusion-button.button-4 .fusion-button-icon-divider{border-color:#ffffff;}.fusion-button.button-4:hover .fusion-button-text, .fusion-button.button-4:hover i,.fusion-button.button-4:focus .fusion-button-text, .fusion-button.button-4:focus i,.fusion-button.button-4:active .fusion-button-text, .fusion-button.button-4:active{color:#ffffff;}.fusion-button.button-4:hover .fusion-button-icon-divider, .fusion-button.button-4:hover .fusion-button-icon-divider, .fusion-button.button-4:active .fusion-button-icon-divider{border-color:#ffffff;}.fusion-button.button-4:hover, .fusion-button.button-4:focus, .fusion-button.button-4:active{border-color:#ffffff;}.fusion-button.button-4 {border-color:#ffffff;border-radius:2px;}.fusion-button.button-4{background: #282a2b;}.fusion-button.button-4:hover,.button-4:focus,.fusion-button.button-4:active{background: #282a2b;}<\/style><a class=\"fusion-button button-flat fusion-button-default-size button-custom button-4 fusion-button-default-span fusion-button-default-type\" target=\"_self\" href=\"https:\/\/www.aquimicasa.net\/profesionales\/383\/casas-soluciones-globales-sl\"><span class=\"fusion-button-text\">VER PISOS DE ESTA AGENCIA<\/span><\/a><\/div><div class=\"fusion-clearfix\"><\/div><\/div><\/div><div class=\"fusion-layout-column fusion_builder_column fusion-builder-column-8 fusion_builder_column_1_4 1_4 fusion-one-fourth fusion-column-last\" style=\"width:25%;width:calc(25% - ( ( 4% + 4% + 4% ) * 0.25 ) );margin-top:0px;margin-bottom:20px;\"><div class=\"fusion-column-wrapper fusion-flex-column-wrapper-legacy\" style=\"background-position:left top;background-repeat:no-repeat;-webkit-background-size:cover;-moz-background-size:cover;-o-background-size:cover;background-size:cover;padding: 0px 0px 10% 0px;\"><div class=\"imageframe-align-center\"><span class=\" fusion-imageframe imageframe-none imageframe-4 hover-type-none\"><a class=\"fusion-no-lightbox\" href=\"https:\/\/www.aquimicasa.net\/profesionales\/366\/soluciones-inmobiliarias-jaspem\" target=\"_self\" aria-label=\"Logo Jaspem\"><img decoding=\"async\" width=\"150\" height=\"104\" alt=\"Viviendas en Chamberi Arguelles\" src=\"https:\/\/www.aquimicasa.net\/blog\/wp-content\/uploads\/Logo-Jaspem-150x104.png\" class=\"img-responsive wp-image-26357\" srcset=\"https:\/\/www.aquimicasa.net\/blog\/wp-content\/uploads\/Logo-Jaspem-200x139.png 200w, https:\/\/www.aquimicasa.net\/blog\/wp-content\/uploads\/Logo-Jaspem-400x277.png 400w, https:\/\/www.aquimicasa.net\/blog\/wp-content\/uploads\/Logo-Jaspem.png 600w\" sizes=\"(max-width: 800px) 100vw, 400px\" \/><\/a><\/span><\/div><div class=\"fusion-sep-clear\"><\/div><div class=\"fusion-separator fusion-full-width-sep\" style=\"margin-left: auto;margin-right: auto;margin-top:5%;margin-bottom:5%;width:100%;\"><\/div><div class=\"fusion-sep-clear\"><\/div><div class=\"fusion-text fusion-text-4\"><p>Dentro de la estructura de <strong>Soluciones Jaspem<\/strong> se da una especial importancia al departamento de Dise\u00f1o y reformas a medida, que cuenta con verdaderos <strong>especialistas<\/strong> para llevar adelante todas las reformar parciales o integrales.<\/p>\n<\/div><div class=\"fusion-sep-clear\"><\/div><div class=\"fusion-separator fusion-full-width-sep\" style=\"margin-left: auto;margin-right: auto;margin-top:2%;margin-bottom:2%;width:100%;\"><\/div><div class=\"fusion-sep-clear\"><\/div><div class=\"fusion-aligncenter\"><style type=\"text\/css\">.fusion-button.button-5 .fusion-button-text, .fusion-button.button-5 i {color:#ffffff;}.fusion-button.button-5 .fusion-button-icon-divider{border-color:#ffffff;}.fusion-button.button-5:hover .fusion-button-text, .fusion-button.button-5:hover i,.fusion-button.button-5:focus .fusion-button-text, .fusion-button.button-5:focus i,.fusion-button.button-5:active .fusion-button-text, .fusion-button.button-5:active{color:#ffffff;}.fusion-button.button-5:hover .fusion-button-icon-divider, .fusion-button.button-5:hover .fusion-button-icon-divider, .fusion-button.button-5:active .fusion-button-icon-divider{border-color:#ffffff;}.fusion-button.button-5:hover, .fusion-button.button-5:focus, .fusion-button.button-5:active{border-color:#ffffff;}.fusion-button.button-5 {border-color:#ffffff;border-radius:2px;}.fusion-button.button-5{background: #282a2b;}.fusion-button.button-5:hover,.button-5:focus,.fusion-button.button-5:active{background: #282a2b;}<\/style><a class=\"fusion-button button-flat fusion-button-default-size button-custom button-5 fusion-button-default-span fusion-button-default-type\" target=\"_self\" href=\"https:\/\/www.aquimicasa.net\/profesionales\/366\/soluciones-inmobiliarias-jaspem\"><span class=\"fusion-button-text\">VER PISOS DE ESTA AGENCIA<\/span><\/a><\/div><div class=\"fusion-clearfix\"><\/div><\/div><\/div><div class=\"fusion-layout-column fusion_builder_column fusion-builder-column-9 fusion_builder_column_1_1 1_1 fusion-one-full fusion-column-first fusion-column-last\" style=\"margin-top:0px;margin-bottom:20px;\"><div class=\"fusion-column-wrapper fusion-flex-column-wrapper-legacy\" style=\"background-position:left top;background-repeat:no-repeat;-webkit-background-size:cover;-moz-background-size:cover;-o-background-size:cover;background-size:cover;padding: 0px 0px 0px 0px;\"><div class=\"fusion-sep-clear\"><\/div><div class=\"fusion-separator fusion-full-width-sep\" style=\"margin-left: auto;margin-right: auto;margin-top:3%;margin-bottom:3%;width:100%;\"><\/div><div class=\"fusion-sep-clear\"><\/div><div class=\"fusion-aligncenter\"><style type=\"text\/css\">.fusion-button.button-6 {border-radius:2px;}<\/style><a class=\"fusion-button button-flat button-xlarge button-default button-6 fusion-button-default-span fusion-button-default-type\" target=\"_self\" href=\"https:\/\/www.aquimicasa.net\/blog\/agencias-inmobiliarias-por-autonomias\/\"><span class=\"fusion-button-text\">VER M\u00c1S AGENCIAS INMOBILIARIAS POR AUTONOM\u00cdA<\/span><\/a><\/div><div class=\"fusion-sep-clear\"><\/div><div class=\"fusion-separator fusion-full-width-sep\" style=\"margin-left: auto;margin-right: auto;margin-top:3%;margin-bottom:3%;width:100%;\"><\/div><div class=\"fusion-sep-clear\"><\/div><div class=\"fusion-clearfix\"><\/div><\/div><\/div><\/div><\/div><div class=\"fusion-fullwidth fullwidth-box fusion-builder-row-5 nonhundred-percent-fullwidth non-hundred-percent-height-scrolling\" style=\"background-color: rgba(255,255,255,0);background-position: center center;background-repeat: no-repeat;padding-top:0px;padding-right:0px;padding-bottom:0px;padding-left:0px;margin-bottom: 0px;margin-top: 0px;border-width: 0px 0px 0px 0px;border-color:#eae9e9;border-style:solid;\" ><div class=\"fusion-builder-row fusion-row\"><div class=\"fusion-layout-column fusion_builder_column fusion-builder-column-10 fusion_builder_column_1_1 1_1 fusion-one-full fusion-column-first fusion-column-last\" style=\"margin-top:0px;margin-bottom:20px;\"><div class=\"fusion-column-wrapper fusion-flex-column-wrapper-legacy\" style=\"background-position:left top;background-repeat:no-repeat;-webkit-background-size:cover;-moz-background-size:cover;-o-background-size:cover;background-size:cover;padding: 0px 0px 0px 0px;\"><style type=\"text\/css\"><\/style><div class=\"fusion-title title fusion-title-3 sep-underline sep-dotted fusion-title-text fusion-title-size-two\" style=\"border-bottom-color:#e0dede;font-size:22px;margin-top:0px;margin-right:0px;margin-bottom:31px;margin-left:0px;\"><h2 class=\"title-heading-left\" style=\"margin:0;font-size:1em;\">Inflaci\u00f3n<\/h2><\/div><div class=\"fusion-blog-shortcode fusion-blog-shortcode-3 fusion-blog-archive fusion-blog-layout-grid-wrapper fusion-blog-no\"><style type=\"text\/css\">.fusion-blog-shortcode-3 .fusion-blog-layout-grid .fusion-post-grid{padding:20px;}.fusion-blog-shortcode-3 .fusion-posts-container{margin-left: -20px !important; margin-right:-20px !important;}<\/style><div class=\"fusion-posts-container fusion-posts-container-no fusion-blog-rollover fusion-blog-layout-grid fusion-blog-layout-grid-2 isotope\" data-pages=\"4\" data-grid-col-space=\"40\" style=\"margin: -20px -20px 0;min-height:500px;\"><article id=\"blog-3-post-47354\" class=\"fusion-post-grid post-47354 post type-post status-publish format-standard has-post-thumbnail hentry category-consumidores tag-inflacion tag-newsletter-456 tag-noticia-de-portada\">\n<div class=\"fusion-post-wrapper\" style=\"background-color:rgba(255,255,255,1);border:1px solid #ebeaea;border-bottom-width:3px;\">\n\n\t\t\t<div class=\"fusion-flexslider flexslider fusion-flexslider-loading fusion-post-slideshow\" style=\"border-color:#ebeaea;\">\n\t\t<ul class=\"slides\">\n\t\t\t\n\t\t\t\t\t\t\t\t\t\t\t\t\t\t<li>\n\n<div  class=\"fusion-image-wrapper\" aria-haspopup=\"true\">\n\t\n\t\n\t\n\t\t\n\t\t\t\t\t<img decoding=\"async\" width=\"400\" height=\"304\" src=\"https:\/\/www.aquimicasa.net\/blog\/wp-content\/uploads\/alimentacion3-e1687039563133.jpg\" class=\"attachment-full size-full wp-post-image\" alt=\"Las subidas de la alimentaci\u00f3n\" srcset=\"https:\/\/www.aquimicasa.net\/blog\/wp-content\/uploads\/alimentacion3-e1687039563133-200x152.jpg 200w, https:\/\/www.aquimicasa.net\/blog\/wp-content\/uploads\/alimentacion3-e1687039563133.jpg 400w\" sizes=\"(min-width: 2200px) 100vw, (min-width: 712px) 530px, (min-width: 640px) 712px, \" \/>\n\t\n\n\t\t<div class=\"fusion-rollover\">\n\t<div class=\"fusion-rollover-content\">\n\n\t\t\t\t\n\t\t\n\t\t\t\t\t\t\t\t\t\t\t\t<h4 class=\"fusion-rollover-title\">\n\t\t\t\t\t<a class=\"fusion-rollover-title-link\" href=\"https:\/\/www.aquimicasa.net\/blog\/consumo\/consumidores\/subida-del-38-en-el-precio-de-la-alimentacion-en-tres-anos\/\">\n\t\t\t\t\t\tSubida del 38% en el precio de la alimentaci\u00f3n en tres a\u00f1os\t\t\t\t\t<\/a>\n\t\t\t\t<\/h4>\n\t\t\t\n\t\t\t\t\t\t\t\t\n\t\t\n\t\t\t\t\t\t<a class=\"fusion-link-wrapper\" href=\"https:\/\/www.aquimicasa.net\/blog\/consumo\/consumidores\/subida-del-38-en-el-precio-de-la-alimentacion-en-tres-anos\/\" aria-label=\"Subida del 38% en el precio de la alimentaci\u00f3n en tres a\u00f1os\"><\/a>\n\t<\/div>\n<\/div>\n\n\t\n<\/div>\n<\/li>\n\t\t\t\n\t\t\t\n\t\t\t\t\t\t\t\t\t\t\t\t\t\t\t\t\t\t\t\t\t\t\t\t\t\t\t\t\t\t\t\t\t\t\t\t\t\t\t\t\t\t\t\t\t\t\t\t\t\t\t\t\t\t\t\t\t\t\t\t\t\t\t\t\t\t\t\t<\/ul>\n\t<\/div>\n\t<div class=\"fusion-post-content-wrapper\" style=\"padding:30px 25px 20px 25px;\"><div class=\"fusion-post-content post-content\"><h2 class=\"blog-shortcode-post-title entry-title\"><a href=\"https:\/\/www.aquimicasa.net\/blog\/consumo\/consumidores\/subida-del-38-en-el-precio-de-la-alimentacion-en-tres-anos\/\">Subida del 38% en el precio de la alimentaci\u00f3n en tres a\u00f1os<\/a><\/h2><p class=\"fusion-single-line-meta\"><span class=\"vcard\" style=\"display: none;\"><span class=\"fn\"><a href=\"https:\/\/www.aquimicasa.net\/blog\/author\/eduardo\/\" title=\"Entradas de Eduardo Lizarraga\" rel=\"author\">Eduardo Lizarraga<\/a><\/span><\/span><span class=\"updated\" style=\"display:none;\">2024-04-09T23:09:14+02:00<\/span><span>abril 9th, 2024<\/span><span class=\"fusion-inline-sep\">|<\/span><\/p><div class=\"fusion-content-sep sep-shadow\" style=\"border-color:#ebeaea;\"><\/div><div class=\"fusion-post-content-container\"><p>Entre los alimentos, las mayores subidas se advierten en el aceite de oliva suave (225%), el az\u00facar blanco (91%), el zumo de naranja (81%), los huevos (67%), el arroz redondo (66%) y las zanahorias (65%). Tambi\u00e9n son significativas en otros productos como el yogur natural (58%), las rodajas de salm\u00f3n (56%), los macarrones (55%), la barra de helado (55%) y la leche entera (53%).<\/p><\/div><\/div><div class=\"fusion-meta-info\"><div class=\"fusion-alignleft\"><a class=\"fusion-read-more\" href=\"https:\/\/www.aquimicasa.net\/blog\/consumo\/consumidores\/subida-del-38-en-el-precio-de-la-alimentacion-en-tres-anos\/\" aria-label=\"More on Subida del 38% en el precio de la alimentaci\u00f3n en tres a\u00f1os\">Leer M\u00e1s<\/a><\/div><div class=\"fusion-alignright\"><a href=\"https:\/\/www.aquimicasa.net\/blog\/consumo\/consumidores\/subida-del-38-en-el-precio-de-la-alimentacion-en-tres-anos\/#respond\"><i class=\"fusion-icon-bubbles\" aria-hidden=\"true\"><\/i>&nbsp;0<\/a><\/div><\/div><\/div><div class=\"fusion-clearfix\"><\/div><\/div>\n<\/article>\n<article id=\"blog-3-post-45758\" class=\"fusion-post-grid post-45758 post type-post status-publish format-standard has-post-thumbnail hentry category-asociacion-de-consumidores tag-inflacion tag-newsletter-433 tag-noticia-de-portada\">\n<div class=\"fusion-post-wrapper\" style=\"background-color:rgba(255,255,255,1);border:1px solid #ebeaea;border-bottom-width:3px;\">\n\n\t\t\t<div class=\"fusion-flexslider flexslider fusion-flexslider-loading fusion-post-slideshow\" style=\"border-color:#ebeaea;\">\n\t\t<ul class=\"slides\">\n\t\t\t\n\t\t\t\t\t\t\t\t\t\t\t\t\t\t<li>\n\n<div  class=\"fusion-image-wrapper\" aria-haspopup=\"true\">\n\t\n\t\n\t\n\t\t\n\t\t\t\t\t<img decoding=\"async\" width=\"400\" height=\"304\" src=\"https:\/\/www.aquimicasa.net\/blog\/wp-content\/uploads\/alimentacion3-e1687039563133.jpg\" class=\"attachment-full size-full wp-post-image\" alt=\"Las subidas de la alimentaci\u00f3n\" srcset=\"https:\/\/www.aquimicasa.net\/blog\/wp-content\/uploads\/alimentacion3-e1687039563133-200x152.jpg 200w, https:\/\/www.aquimicasa.net\/blog\/wp-content\/uploads\/alimentacion3-e1687039563133.jpg 400w\" sizes=\"(min-width: 2200px) 100vw, (min-width: 712px) 530px, (min-width: 640px) 712px, \" \/>\n\t\n\n\t\t<div class=\"fusion-rollover\">\n\t<div class=\"fusion-rollover-content\">\n\n\t\t\t\t\n\t\t\n\t\t\t\t\t\t\t\t\t\t\t\t<h4 class=\"fusion-rollover-title\">\n\t\t\t\t\t<a class=\"fusion-rollover-title-link\" href=\"https:\/\/www.aquimicasa.net\/blog\/consumo\/asociacion-de-consumidores\/humo-para-ocultar-los-beneficios-empresariales-en-la-alimentacion\/\">\n\t\t\t\t\t\tHumo para ocultar los beneficios empresariales en la alimentaci\u00f3n\t\t\t\t\t<\/a>\n\t\t\t\t<\/h4>\n\t\t\t\n\t\t\t\t\t\t\t\t\n\t\t\n\t\t\t\t\t\t<a class=\"fusion-link-wrapper\" href=\"https:\/\/www.aquimicasa.net\/blog\/consumo\/asociacion-de-consumidores\/humo-para-ocultar-los-beneficios-empresariales-en-la-alimentacion\/\" aria-label=\"Humo para ocultar los beneficios empresariales en la alimentaci\u00f3n\"><\/a>\n\t<\/div>\n<\/div>\n\n\t\n<\/div>\n<\/li>\n\t\t\t\n\t\t\t\n\t\t\t\t\t\t\t\t\t\t\t\t\t\t\t\t\t\t\t\t\t\t\t\t\t\t\t\t\t\t\t\t\t\t\t\t\t\t\t\t\t\t\t\t\t\t\t\t\t\t\t\t\t\t\t\t\t\t\t\t\t\t\t\t\t\t\t\t<\/ul>\n\t<\/div>\n\t<div class=\"fusion-post-content-wrapper\" style=\"padding:30px 25px 20px 25px;\"><div class=\"fusion-post-content post-content\"><h2 class=\"blog-shortcode-post-title entry-title\"><a href=\"https:\/\/www.aquimicasa.net\/blog\/consumo\/asociacion-de-consumidores\/humo-para-ocultar-los-beneficios-empresariales-en-la-alimentacion\/\">Humo para ocultar los beneficios empresariales en la alimentaci\u00f3n<\/a><\/h2><p class=\"fusion-single-line-meta\"><span class=\"vcard\" style=\"display: none;\"><span class=\"fn\"><a href=\"https:\/\/www.aquimicasa.net\/blog\/author\/eduardo\/\" title=\"Entradas de Eduardo Lizarraga\" rel=\"author\">Eduardo Lizarraga<\/a><\/span><\/span><span class=\"updated\" style=\"display:none;\">2023-10-28T20:19:09+02:00<\/span><span>octubre 28th, 2023<\/span><span class=\"fusion-inline-sep\">|<\/span><\/p><div class=\"fusion-content-sep sep-shadow\" style=\"border-color:#ebeaea;\"><\/div><div class=\"fusion-post-content-container\"><p>Si durante 2023 se ha renunciado a recaudar una ingente cantidad de dinero para las arcas p\u00fablicas a trav\u00e9s de la bajada del IVA, lo siguiente ser\u00e1 otorgar\u00a0\"ayudas directas focalizadas para las familias m\u00e1s vulnerables\". As\u00ed reza el texto del acuerdo de coalici\u00f3n. Un acuerdo que se limita a rezarle al mercado. Solo eso y nada m\u00e1s que eso. De\u00a0\"combatir\"\u00a0contra los grandes empresarios que llevan a\u00f1os inflando sus m\u00e1rgenes de beneficio, nada de nada. Que tampoco es plan de molestar a los multimillonarios que nos est\u00e1n empobreciendo cada vez m\u00e1s.<\/p><\/div><\/div><div class=\"fusion-meta-info\"><div class=\"fusion-alignleft\"><a class=\"fusion-read-more\" href=\"https:\/\/www.aquimicasa.net\/blog\/consumo\/asociacion-de-consumidores\/humo-para-ocultar-los-beneficios-empresariales-en-la-alimentacion\/\" aria-label=\"More on Humo para ocultar los beneficios empresariales en la alimentaci\u00f3n\">Leer M\u00e1s<\/a><\/div><div class=\"fusion-alignright\"><a href=\"https:\/\/www.aquimicasa.net\/blog\/consumo\/asociacion-de-consumidores\/humo-para-ocultar-los-beneficios-empresariales-en-la-alimentacion\/#respond\"><i class=\"fusion-icon-bubbles\" aria-hidden=\"true\"><\/i>&nbsp;0<\/a><\/div><\/div><\/div><div class=\"fusion-clearfix\"><\/div><\/div>\n<\/article>\n<article id=\"blog-3-post-45515\" class=\"fusion-post-grid post-45515 post type-post status-publish format-standard has-post-thumbnail hentry category-consumidores tag-inflacion tag-newsletter-429 tag-noticia-de-portada\">\n<div class=\"fusion-post-wrapper\" style=\"background-color:rgba(255,255,255,1);border:1px solid #ebeaea;border-bottom-width:3px;\">\n\n\t\t\t<div class=\"fusion-flexslider flexslider fusion-flexslider-loading fusion-post-slideshow\" style=\"border-color:#ebeaea;\">\n\t\t<ul class=\"slides\">\n\t\t\t\n\t\t\t\t\t\t\t\t\t\t\t\t\t\t<li>\n\n<div  class=\"fusion-image-wrapper\" aria-haspopup=\"true\">\n\t\n\t\n\t\n\t\t\n\t\t\t\t\t<img decoding=\"async\" width=\"400\" height=\"304\" src=\"https:\/\/www.aquimicasa.net\/blog\/wp-content\/uploads\/alimentacion3-e1687039563133.jpg\" class=\"attachment-full size-full wp-post-image\" alt=\"Las subidas de la alimentaci\u00f3n\" srcset=\"https:\/\/www.aquimicasa.net\/blog\/wp-content\/uploads\/alimentacion3-e1687039563133-200x152.jpg 200w, https:\/\/www.aquimicasa.net\/blog\/wp-content\/uploads\/alimentacion3-e1687039563133.jpg 400w\" sizes=\"(min-width: 2200px) 100vw, (min-width: 712px) 530px, (min-width: 640px) 712px, \" \/>\n\t\n\n\t\t<div class=\"fusion-rollover\">\n\t<div class=\"fusion-rollover-content\">\n\n\t\t\t\t\n\t\t\n\t\t\t\t\t\t\t\t\t\t\t\t<h4 class=\"fusion-rollover-title\">\n\t\t\t\t\t<a class=\"fusion-rollover-title-link\" href=\"https:\/\/www.aquimicasa.net\/blog\/consumo\/consumidores\/los-alimentos-suben-un-14-1-en-un-ano-segun-la-ocu\/\">\n\t\t\t\t\t\tLos alimentos suben un 14.1% en un a\u00f1o, seg\u00fan la OCU\t\t\t\t\t<\/a>\n\t\t\t\t<\/h4>\n\t\t\t\n\t\t\t\t\t\t\t\t\n\t\t\n\t\t\t\t\t\t<a class=\"fusion-link-wrapper\" href=\"https:\/\/www.aquimicasa.net\/blog\/consumo\/consumidores\/los-alimentos-suben-un-14-1-en-un-ano-segun-la-ocu\/\" aria-label=\"Los alimentos suben un 14.1% en un a\u00f1o, seg\u00fan la OCU\"><\/a>\n\t<\/div>\n<\/div>\n\n\t\n<\/div>\n<\/li>\n\t\t\t\n\t\t\t\n\t\t\t\t\t\t\t\t\t\t\t\t\t\t\t\t\t\t\t\t\t\t\t\t\t\t\t\t\t\t\t\t\t\t\t\t\t\t\t\t\t\t\t\t\t\t\t\t\t\t\t\t\t\t\t\t\t\t\t\t\t\t\t\t\t\t\t\t<\/ul>\n\t<\/div>\n\t<div class=\"fusion-post-content-wrapper\" style=\"padding:30px 25px 20px 25px;\"><div class=\"fusion-post-content post-content\"><h2 class=\"blog-shortcode-post-title entry-title\"><a href=\"https:\/\/www.aquimicasa.net\/blog\/consumo\/consumidores\/los-alimentos-suben-un-14-1-en-un-ano-segun-la-ocu\/\">Los alimentos suben un 14.1% en un a\u00f1o, seg\u00fan la OCU<\/a><\/h2><p class=\"fusion-single-line-meta\"><span class=\"vcard\" style=\"display: none;\"><span class=\"fn\"><a href=\"https:\/\/www.aquimicasa.net\/blog\/author\/eduardo\/\" title=\"Entradas de Eduardo Lizarraga\" rel=\"author\">Eduardo Lizarraga<\/a><\/span><\/span><span class=\"updated\" style=\"display:none;\">2023-10-01T22:24:45+02:00<\/span><span>octubre 1st, 2023<\/span><span class=\"fusion-inline-sep\">|<\/span><\/p><div class=\"fusion-content-sep sep-shadow\" style=\"border-color:#ebeaea;\"><\/div><div class=\"fusion-post-content-container\"><p>Para la elaboraci\u00f3n de su estudio OCU ha visitado 1.108 establecimientos en 65 ciudades, adem\u00e1s de los supermercados online. En su visita OCU ha recabado 155.489 precios de una \u201ccesta de la compra\u201d compuesta por 236 productos de 16 categor\u00edas diferentes que incluyen alimentaci\u00f3n fresca (frutas, verduras, carne y pescado), alimentaci\u00f3n envasada, productos de higiene y droguer\u00eda tanto de marcas l\u00edderes de fabricante como de marcas blancas.<\/p><\/div><\/div><div class=\"fusion-meta-info\"><div class=\"fusion-alignleft\"><a class=\"fusion-read-more\" href=\"https:\/\/www.aquimicasa.net\/blog\/consumo\/consumidores\/los-alimentos-suben-un-14-1-en-un-ano-segun-la-ocu\/\" aria-label=\"More on Los alimentos suben un 14.1% en un a\u00f1o, seg\u00fan la OCU\">Leer M\u00e1s<\/a><\/div><div class=\"fusion-alignright\"><a href=\"https:\/\/www.aquimicasa.net\/blog\/consumo\/consumidores\/los-alimentos-suben-un-14-1-en-un-ano-segun-la-ocu\/#respond\"><i class=\"fusion-icon-bubbles\" aria-hidden=\"true\"><\/i>&nbsp;0<\/a><\/div><\/div><\/div><div class=\"fusion-clearfix\"><\/div><\/div>\n<\/article>\n<article id=\"blog-3-post-45203\" class=\"fusion-post-grid post-45203 post type-post status-publish format-standard has-post-thumbnail hentry category-consumidores tag-inflacion tag-newsletter-424 tag-noticia-de-portada\">\n<div class=\"fusion-post-wrapper\" style=\"background-color:rgba(255,255,255,1);border:1px solid #ebeaea;border-bottom-width:3px;\">\n\n\t\t\t<div class=\"fusion-flexslider flexslider fusion-flexslider-loading fusion-post-slideshow\" style=\"border-color:#ebeaea;\">\n\t\t<ul class=\"slides\">\n\t\t\t\n\t\t\t\t\t\t\t\t\t\t\t\t\t\t<li>\n\n<div  class=\"fusion-image-wrapper\" aria-haspopup=\"true\">\n\t\n\t\n\t\n\t\t\n\t\t\t\t\t<img decoding=\"async\" width=\"400\" height=\"300\" src=\"https:\/\/www.aquimicasa.net\/blog\/wp-content\/uploads\/petroleras-e1693423593404.jpg\" class=\"attachment-full size-full wp-post-image\" alt=\"Los beneficios de las petroleras vuelven a incrementarse a costa de los consumidores\" srcset=\"https:\/\/www.aquimicasa.net\/blog\/wp-content\/uploads\/petroleras-e1693423593404-200x150.jpg 200w, https:\/\/www.aquimicasa.net\/blog\/wp-content\/uploads\/petroleras-e1693423593404.jpg 400w\" sizes=\"(min-width: 2200px) 100vw, (min-width: 712px) 530px, (min-width: 640px) 712px, \" \/>\n\t\n\n\t\t<div class=\"fusion-rollover\">\n\t<div class=\"fusion-rollover-content\">\n\n\t\t\t\t\n\t\t\n\t\t\t\t\t\t\t\t\t\t\t\t<h4 class=\"fusion-rollover-title\">\n\t\t\t\t\t<a class=\"fusion-rollover-title-link\" href=\"https:\/\/www.aquimicasa.net\/blog\/consumo\/consumidores\/cuando-te-suban-la-hipoteca-mira-los-beneficios-empresariales\/\">\n\t\t\t\t\t\tCuando te suban la hipoteca mira los beneficios empresariales\t\t\t\t\t<\/a>\n\t\t\t\t<\/h4>\n\t\t\t\n\t\t\t\t\t\t\t\t\n\t\t\n\t\t\t\t\t\t<a class=\"fusion-link-wrapper\" href=\"https:\/\/www.aquimicasa.net\/blog\/consumo\/consumidores\/cuando-te-suban-la-hipoteca-mira-los-beneficios-empresariales\/\" aria-label=\"Cuando te suban la hipoteca mira los beneficios empresariales\"><\/a>\n\t<\/div>\n<\/div>\n\n\t\n<\/div>\n<\/li>\n\t\t\t\n\t\t\t\n\t\t\t\t\t\t\t\t\t\t\t\t\t\t\t\t\t\t\t\t\t\t\t\t\t\t\t\t\t\t\t\t\t\t\t\t\t\t\t\t\t\t\t\t\t\t\t\t\t\t\t\t\t\t\t\t\t\t\t\t\t\t\t\t\t\t\t\t<\/ul>\n\t<\/div>\n\t<div class=\"fusion-post-content-wrapper\" style=\"padding:30px 25px 20px 25px;\"><div class=\"fusion-post-content post-content\"><h2 class=\"blog-shortcode-post-title entry-title\"><a href=\"https:\/\/www.aquimicasa.net\/blog\/consumo\/consumidores\/cuando-te-suban-la-hipoteca-mira-los-beneficios-empresariales\/\">Cuando te suban la hipoteca mira los beneficios empresariales<\/a><\/h2><p class=\"fusion-single-line-meta\"><span class=\"vcard\" style=\"display: none;\"><span class=\"fn\"><a href=\"https:\/\/www.aquimicasa.net\/blog\/author\/eduardo\/\" title=\"Entradas de Eduardo Lizarraga\" rel=\"author\">Eduardo Lizarraga<\/a><\/span><\/span><span class=\"updated\" style=\"display:none;\">2023-08-30T21:30:22+02:00<\/span><span>agosto 30th, 2023<\/span><span class=\"fusion-inline-sep\">|<\/span><\/p><div class=\"fusion-content-sep sep-shadow\" style=\"border-color:#ebeaea;\"><\/div><div class=\"fusion-post-content-container\"><p>Facua reclama nuevamente al Gobierno que ponga en marcha medidas para recortar los elevados m\u00e1rgenes de petroleras y energ\u00e9ticas, que han aumentado sus beneficios debido al brutal alza de precios de los \u00faltimos tiempos en perjuicio de los consumidores<\/p><\/div><\/div><div class=\"fusion-meta-info\"><div class=\"fusion-alignleft\"><a class=\"fusion-read-more\" href=\"https:\/\/www.aquimicasa.net\/blog\/consumo\/consumidores\/cuando-te-suban-la-hipoteca-mira-los-beneficios-empresariales\/\" aria-label=\"More on Cuando te suban la hipoteca mira los beneficios empresariales\">Leer M\u00e1s<\/a><\/div><div class=\"fusion-alignright\"><a href=\"https:\/\/www.aquimicasa.net\/blog\/consumo\/consumidores\/cuando-te-suban-la-hipoteca-mira-los-beneficios-empresariales\/#respond\"><i class=\"fusion-icon-bubbles\" aria-hidden=\"true\"><\/i>&nbsp;0<\/a><\/div><\/div><\/div><div class=\"fusion-clearfix\"><\/div><\/div>\n<\/article>\n<article id=\"blog-3-post-44903\" class=\"fusion-post-grid post-44903 post type-post status-publish format-standard has-post-thumbnail hentry category-compraventa-de-viviendas category-consumidores tag-inflacion tag-newsletter-419 tag-noticia-de-portada\">\n<div class=\"fusion-post-wrapper\" style=\"background-color:rgba(255,255,255,1);border:1px solid #ebeaea;border-bottom-width:3px;\">\n\n\t\t\t<div class=\"fusion-flexslider flexslider fusion-flexslider-loading fusion-post-slideshow\" style=\"border-color:#ebeaea;\">\n\t\t<ul class=\"slides\">\n\t\t\t\n\t\t\t\t\t\t\t\t\t\t\t\t\t\t<li>\n\n<div  class=\"fusion-image-wrapper\" aria-haspopup=\"true\">\n\t\n\t\n\t\n\t\t\n\t\t\t\t\t<img decoding=\"async\" width=\"400\" height=\"224\" src=\"https:\/\/www.aquimicasa.net\/blog\/wp-content\/uploads\/surtidor-de-gasolina2-e1555969369190.jpg\" class=\"attachment-full size-full wp-post-image\" alt=\"Gasolineras baratas para las vacaciones\" \/>\n\t\n\n\t\t<div class=\"fusion-rollover\">\n\t<div class=\"fusion-rollover-content\">\n\n\t\t\t\t\n\t\t\n\t\t\t\t\t\t\t\t\t\t\t\t<h4 class=\"fusion-rollover-title\">\n\t\t\t\t\t<a class=\"fusion-rollover-title-link\" href=\"https:\/\/www.aquimicasa.net\/blog\/vivienda\/compraventa-de-viviendas\/las-gasolineras-mas-baratas-al-salir-de-vacaciones\/\">\n\t\t\t\t\t\tLas gasolineras m\u00e1s baratas al salir de vacaciones\t\t\t\t\t<\/a>\n\t\t\t\t<\/h4>\n\t\t\t\n\t\t\t\t\t\t\t\t\n\t\t\n\t\t\t\t\t\t<a class=\"fusion-link-wrapper\" href=\"https:\/\/www.aquimicasa.net\/blog\/vivienda\/compraventa-de-viviendas\/las-gasolineras-mas-baratas-al-salir-de-vacaciones\/\" aria-label=\"Las gasolineras m\u00e1s baratas al salir de vacaciones\"><\/a>\n\t<\/div>\n<\/div>\n\n\t\n<\/div>\n<\/li>\n\t\t\t\n\t\t\t\n\t\t\t\t\t\t\t\t\t\t\t\t\t\t\t\t\t\t\t\t\t\t\t\t\t\t\t\t\t\t\t\t\t\t\t\t\t\t\t\t\t\t\t\t\t\t\t\t\t\t\t\t\t\t\t\t\t\t\t\t\t\t\t\t\t\t\t\t<\/ul>\n\t<\/div>\n\t<div class=\"fusion-post-content-wrapper\" style=\"padding:30px 25px 20px 25px;\"><div class=\"fusion-post-content post-content\"><h2 class=\"blog-shortcode-post-title entry-title\"><a href=\"https:\/\/www.aquimicasa.net\/blog\/vivienda\/compraventa-de-viviendas\/las-gasolineras-mas-baratas-al-salir-de-vacaciones\/\">Las gasolineras m\u00e1s baratas al salir de vacaciones<\/a><\/h2><p class=\"fusion-single-line-meta\"><span class=\"vcard\" style=\"display: none;\"><span class=\"fn\"><a href=\"https:\/\/www.aquimicasa.net\/blog\/author\/eduardo\/\" title=\"Entradas de Eduardo Lizarraga\" rel=\"author\">Eduardo Lizarraga<\/a><\/span><\/span><span class=\"updated\" style=\"display:none;\">2023-07-23T07:48:22+02:00<\/span><span>julio 23rd, 2023<\/span><span class=\"fusion-inline-sep\">|<\/span><\/p><div class=\"fusion-content-sep sep-shadow\" style=\"border-color:#ebeaea;\"><\/div><div class=\"fusion-post-content-container\"><p>Con el fin ayudar a los conductores a ahorrar, la Organizaci\u00f3n de Consumidores y Usuarios (OCU) ha analizado los precios de las estaciones de servicio a lo largo de las 13 principales rutas de desplazamiento. Entre las m\u00e1s de 1.000 estaciones de servicio seleccionadas, las m\u00e1s econ\u00f3micas son las destacadas en este informe<\/p><\/div><\/div><div class=\"fusion-meta-info\"><div class=\"fusion-alignleft\"><a class=\"fusion-read-more\" href=\"https:\/\/www.aquimicasa.net\/blog\/vivienda\/compraventa-de-viviendas\/las-gasolineras-mas-baratas-al-salir-de-vacaciones\/\" aria-label=\"More on Las gasolineras m\u00e1s baratas al salir de vacaciones\">Leer M\u00e1s<\/a><\/div><div class=\"fusion-alignright\"><a href=\"https:\/\/www.aquimicasa.net\/blog\/vivienda\/compraventa-de-viviendas\/las-gasolineras-mas-baratas-al-salir-de-vacaciones\/#respond\"><i class=\"fusion-icon-bubbles\" aria-hidden=\"true\"><\/i>&nbsp;0<\/a><\/div><\/div><\/div><div class=\"fusion-clearfix\"><\/div><\/div>\n<\/article>\n<article id=\"blog-3-post-44837\" class=\"fusion-post-grid post-44837 post type-post status-publish format-standard has-post-thumbnail hentry category-consumidores tag-inflacion tag-newsletter-418 tag-noticia-de-portada\">\n<div class=\"fusion-post-wrapper\" style=\"background-color:rgba(255,255,255,1);border:1px solid #ebeaea;border-bottom-width:3px;\">\n\n\t\t\t<div class=\"fusion-flexslider flexslider fusion-flexslider-loading fusion-post-slideshow\" style=\"border-color:#ebeaea;\">\n\t\t<ul class=\"slides\">\n\t\t\t\n\t\t\t\t\t\t\t\t\t\t\t\t\t\t<li>\n\n<div  class=\"fusion-image-wrapper\" aria-haspopup=\"true\">\n\t\n\t\n\t\n\t\t\n\t\t\t\t\t<img decoding=\"async\" width=\"450\" height=\"242\" src=\"https:\/\/www.aquimicasa.net\/blog\/wp-content\/uploads\/Alcampo-e1689337015922.jpeg\" class=\"attachment-full size-full wp-post-image\" alt=\"Grandes diferencias de precio entre los distintos establecimientos Alcampo\" srcset=\"https:\/\/www.aquimicasa.net\/blog\/wp-content\/uploads\/Alcampo-e1689337015922-200x108.jpeg 200w, https:\/\/www.aquimicasa.net\/blog\/wp-content\/uploads\/Alcampo-e1689337015922-400x215.jpeg 400w, https:\/\/www.aquimicasa.net\/blog\/wp-content\/uploads\/Alcampo-e1689337015922.jpeg 450w\" sizes=\"(min-width: 2200px) 100vw, (min-width: 712px) 530px, (min-width: 640px) 712px, \" \/>\n\t\n\n\t\t<div class=\"fusion-rollover\">\n\t<div class=\"fusion-rollover-content\">\n\n\t\t\t\t\n\t\t\n\t\t\t\t\t\t\t\t\t\t\t\t<h4 class=\"fusion-rollover-title\">\n\t\t\t\t\t<a class=\"fusion-rollover-title-link\" href=\"https:\/\/www.aquimicasa.net\/blog\/consumo\/consumidores\/alcampo-adecua-el-precio-a-la-ubicacion-del-supermercado\/\">\n\t\t\t\t\t\tAlcampo adec\u00faa el precio a la ubicaci\u00f3n del supermercado\t\t\t\t\t<\/a>\n\t\t\t\t<\/h4>\n\t\t\t\n\t\t\t\t\t\t\t\t\n\t\t\n\t\t\t\t\t\t<a class=\"fusion-link-wrapper\" href=\"https:\/\/www.aquimicasa.net\/blog\/consumo\/consumidores\/alcampo-adecua-el-precio-a-la-ubicacion-del-supermercado\/\" aria-label=\"Alcampo adec\u00faa el precio a la ubicaci\u00f3n del supermercado\"><\/a>\n\t<\/div>\n<\/div>\n\n\t\n<\/div>\n<\/li>\n\t\t\t\n\t\t\t\n\t\t\t\t\t\t\t\t\t\t\t\t\t\t\t\t\t\t\t\t\t\t\t\t\t\t\t\t\t\t\t\t\t\t\t\t\t\t\t\t\t\t\t\t\t\t\t\t\t\t\t\t\t\t\t\t\t\t\t\t\t\t\t\t\t\t\t\t<\/ul>\n\t<\/div>\n\t<div class=\"fusion-post-content-wrapper\" style=\"padding:30px 25px 20px 25px;\"><div class=\"fusion-post-content post-content\"><h2 class=\"blog-shortcode-post-title entry-title\"><a href=\"https:\/\/www.aquimicasa.net\/blog\/consumo\/consumidores\/alcampo-adecua-el-precio-a-la-ubicacion-del-supermercado\/\">Alcampo adec\u00faa el precio a la ubicaci\u00f3n del supermercado<\/a><\/h2><p class=\"fusion-single-line-meta\"><span class=\"vcard\" style=\"display: none;\"><span class=\"fn\"><a href=\"https:\/\/www.aquimicasa.net\/blog\/author\/eduardo\/\" title=\"Entradas de Eduardo Lizarraga\" rel=\"author\">Eduardo Lizarraga<\/a><\/span><\/span><span class=\"updated\" style=\"display:none;\">2023-07-14T14:18:06+02:00<\/span><span>julio 14th, 2023<\/span><span class=\"fusion-inline-sep\">|<\/span><\/p><div class=\"fusion-content-sep sep-shadow\" style=\"border-color:#ebeaea;\"><\/div><div class=\"fusion-post-content-container\"><p>En Alcampo, FACUA ha detectado diferencias de precios en funci\u00f3n del sitio donde se compre en los 30 art\u00edculos incluidos en este estudio comparativo. En 15 de los 30 productos analizados, la diferencia entre el precio m\u00e1s caro y el m\u00e1s barato es de m\u00e1s de un 15%. S\u00f3lo en ocho de ellos esta variaci\u00f3n de precio entre ciudades es inferior al 10%.<\/p><\/div><\/div><div class=\"fusion-meta-info\"><div class=\"fusion-alignleft\"><a class=\"fusion-read-more\" href=\"https:\/\/www.aquimicasa.net\/blog\/consumo\/consumidores\/alcampo-adecua-el-precio-a-la-ubicacion-del-supermercado\/\" aria-label=\"More on Alcampo adec\u00faa el precio a la ubicaci\u00f3n del supermercado\">Leer M\u00e1s<\/a><\/div><div class=\"fusion-alignright\"><a href=\"https:\/\/www.aquimicasa.net\/blog\/consumo\/consumidores\/alcampo-adecua-el-precio-a-la-ubicacion-del-supermercado\/#respond\"><i class=\"fusion-icon-bubbles\" aria-hidden=\"true\"><\/i>&nbsp;0<\/a><\/div><\/div><\/div><div class=\"fusion-clearfix\"><\/div><\/div>\n<\/article>\n<article id=\"blog-3-post-44707\" class=\"fusion-post-grid post-44707 post type-post status-publish format-standard has-post-thumbnail hentry category-compraventa-de-viviendas tag-inflacion tag-newsletter-416 tag-noticia-de-portada\">\n<div class=\"fusion-post-wrapper\" style=\"background-color:rgba(255,255,255,1);border:1px solid #ebeaea;border-bottom-width:3px;\">\n\n\t\t\t<div class=\"fusion-flexslider flexslider fusion-flexslider-loading fusion-post-slideshow\" style=\"border-color:#ebeaea;\">\n\t\t<ul class=\"slides\">\n\t\t\t\n\t\t\t\t\t\t\t\t\t\t\t\t\t\t<li>\n\n<div  class=\"fusion-image-wrapper\" aria-haspopup=\"true\">\n\t\n\t\n\t\n\t\t\n\t\t\t\t\t<img decoding=\"async\" width=\"450\" height=\"253\" src=\"https:\/\/www.aquimicasa.net\/blog\/wp-content\/uploads\/alimentacion4-1-e1686690939639.jpg\" class=\"attachment-full size-full wp-post-image\" alt=\"Bajer beneficios para reducir la inflaci\u00f3n\" srcset=\"https:\/\/www.aquimicasa.net\/blog\/wp-content\/uploads\/alimentacion4-1-e1686690939639-200x112.jpg 200w, https:\/\/www.aquimicasa.net\/blog\/wp-content\/uploads\/alimentacion4-1-e1686690939639-400x225.jpg 400w, https:\/\/www.aquimicasa.net\/blog\/wp-content\/uploads\/alimentacion4-1-e1686690939639.jpg 450w\" sizes=\"(min-width: 2200px) 100vw, (min-width: 712px) 530px, (min-width: 640px) 712px, \" \/>\n\t\n\n\t\t<div class=\"fusion-rollover\">\n\t<div class=\"fusion-rollover-content\">\n\n\t\t\t\t\n\t\t\n\t\t\t\t\t\t\t\t\t\t\t\t<h4 class=\"fusion-rollover-title\">\n\t\t\t\t\t<a class=\"fusion-rollover-title-link\" href=\"https:\/\/www.aquimicasa.net\/blog\/vivienda\/compraventa-de-viviendas\/rumania-obliga-a-las-empresa-de-alimentacion-reducir-beneficios\/\">\n\t\t\t\t\t\tRuman\u00eda obliga a las empresa de alimentaci\u00f3n a reducir beneficios\t\t\t\t\t<\/a>\n\t\t\t\t<\/h4>\n\t\t\t\n\t\t\t\t\t\t\t\t\n\t\t\n\t\t\t\t\t\t<a class=\"fusion-link-wrapper\" href=\"https:\/\/www.aquimicasa.net\/blog\/vivienda\/compraventa-de-viviendas\/rumania-obliga-a-las-empresa-de-alimentacion-reducir-beneficios\/\" aria-label=\"Ruman\u00eda obliga a las empresa de alimentaci\u00f3n a reducir beneficios\"><\/a>\n\t<\/div>\n<\/div>\n\n\t\n<\/div>\n<\/li>\n\t\t\t\n\t\t\t\n\t\t\t\t\t\t\t\t\t\t\t\t\t\t\t\t\t\t\t\t\t\t\t\t\t\t\t\t\t\t\t\t\t\t\t\t\t\t\t\t\t\t\t\t\t\t\t\t\t\t\t\t\t\t\t\t\t\t\t\t\t\t\t\t\t\t\t\t<\/ul>\n\t<\/div>\n\t<div class=\"fusion-post-content-wrapper\" style=\"padding:30px 25px 20px 25px;\"><div class=\"fusion-post-content post-content\"><h2 class=\"blog-shortcode-post-title entry-title\"><a href=\"https:\/\/www.aquimicasa.net\/blog\/vivienda\/compraventa-de-viviendas\/rumania-obliga-a-las-empresa-de-alimentacion-reducir-beneficios\/\">Ruman\u00eda obliga a las empresa de alimentaci\u00f3n a reducir beneficios<\/a><\/h2><p class=\"fusion-single-line-meta\"><span class=\"vcard\" style=\"display: none;\"><span class=\"fn\"><a href=\"https:\/\/www.aquimicasa.net\/blog\/author\/eduardo\/\" title=\"Entradas de Eduardo Lizarraga\" rel=\"author\">Eduardo Lizarraga<\/a><\/span><\/span><span class=\"updated\" style=\"display:none;\">2023-07-03T10:54:44+02:00<\/span><span>julio 2nd, 2023<\/span><span class=\"fusion-inline-sep\">|<\/span><\/p><div class=\"fusion-content-sep sep-shadow\" style=\"border-color:#ebeaea;\"><\/div><div class=\"fusion-post-content-container\"><p>La coalici\u00f3n de socialistas y liberales que gobierna Ruman\u00eda opt\u00f3 por obligar a las empresas a rebajar sus beneficios en lugar de reducir el IVA, pese al escepticismo manifestado por algunos expertos y pol\u00edticos contrarios a intervenir los precios del mercado.<\/p><\/div><\/div><div class=\"fusion-meta-info\"><div class=\"fusion-alignleft\"><a class=\"fusion-read-more\" href=\"https:\/\/www.aquimicasa.net\/blog\/vivienda\/compraventa-de-viviendas\/rumania-obliga-a-las-empresa-de-alimentacion-reducir-beneficios\/\" aria-label=\"More on Ruman\u00eda obliga a las empresa de alimentaci\u00f3n a reducir beneficios\">Leer M\u00e1s<\/a><\/div><div class=\"fusion-alignright\"><a href=\"https:\/\/www.aquimicasa.net\/blog\/vivienda\/compraventa-de-viviendas\/rumania-obliga-a-las-empresa-de-alimentacion-reducir-beneficios\/#respond\"><i class=\"fusion-icon-bubbles\" aria-hidden=\"true\"><\/i>&nbsp;0<\/a><\/div><\/div><\/div><div class=\"fusion-clearfix\"><\/div><\/div>\n<\/article>\n<article id=\"blog-3-post-44666\" class=\"fusion-post-grid post-44666 post type-post status-publish format-standard has-post-thumbnail hentry category-consumidores tag-inflacion tag-newsletter-415 tag-noticia-de-portada\">\n<div class=\"fusion-post-wrapper\" style=\"background-color:rgba(255,255,255,1);border:1px solid #ebeaea;border-bottom-width:3px;\">\n\n\t\t\t<div class=\"fusion-flexslider flexslider fusion-flexslider-loading fusion-post-slideshow\" style=\"border-color:#ebeaea;\">\n\t\t<ul class=\"slides\">\n\t\t\t\n\t\t\t\t\t\t\t\t\t\t\t\t\t\t<li>\n\n<div  class=\"fusion-image-wrapper\" aria-haspopup=\"true\">\n\t\n\t\n\t\n\t\t\n\t\t\t\t\t<img decoding=\"async\" width=\"400\" height=\"210\" src=\"https:\/\/www.aquimicasa.net\/blog\/wp-content\/uploads\/lidl-e1687901046534.jpg\" class=\"attachment-full size-full wp-post-image\" alt=\"Facua denuncia a Lidl por publicidad enga\u00f1osa\" srcset=\"https:\/\/www.aquimicasa.net\/blog\/wp-content\/uploads\/lidl-e1687901046534-200x105.jpg 200w, https:\/\/www.aquimicasa.net\/blog\/wp-content\/uploads\/lidl-e1687901046534.jpg 400w\" sizes=\"(min-width: 2200px) 100vw, (min-width: 712px) 530px, (min-width: 640px) 712px, \" \/>\n\t\n\n\t\t<div class=\"fusion-rollover\">\n\t<div class=\"fusion-rollover-content\">\n\n\t\t\t\t\n\t\t\n\t\t\t\t\t\t\t\t\t\t\t\t<h4 class=\"fusion-rollover-title\">\n\t\t\t\t\t<a class=\"fusion-rollover-title-link\" href=\"https:\/\/www.aquimicasa.net\/blog\/consumo\/consumidores\/facua-denuncia-a-lidl-por-publicidad-enganosa\/\">\n\t\t\t\t\t\tFacua denuncia a Lidl por publicidad enga\u00f1osa\t\t\t\t\t<\/a>\n\t\t\t\t<\/h4>\n\t\t\t\n\t\t\t\t\t\t\t\t\n\t\t\n\t\t\t\t\t\t<a class=\"fusion-link-wrapper\" href=\"https:\/\/www.aquimicasa.net\/blog\/consumo\/consumidores\/facua-denuncia-a-lidl-por-publicidad-enganosa\/\" aria-label=\"Facua denuncia a Lidl por publicidad enga\u00f1osa\"><\/a>\n\t<\/div>\n<\/div>\n\n\t\n<\/div>\n<\/li>\n\t\t\t\n\t\t\t\n\t\t\t\t\t\t\t\t\t\t\t\t\t\t\t\t\t\t\t\t\t\t\t\t\t\t\t\t\t\t\t\t\t\t\t\t\t\t\t\t\t\t\t\t\t\t\t\t\t\t\t\t\t\t\t\t\t\t\t\t\t\t\t\t\t\t\t\t<\/ul>\n\t<\/div>\n\t<div class=\"fusion-post-content-wrapper\" style=\"padding:30px 25px 20px 25px;\"><div class=\"fusion-post-content post-content\"><h2 class=\"blog-shortcode-post-title entry-title\"><a href=\"https:\/\/www.aquimicasa.net\/blog\/consumo\/consumidores\/facua-denuncia-a-lidl-por-publicidad-enganosa\/\">Facua denuncia a Lidl por publicidad enga\u00f1osa<\/a><\/h2><p class=\"fusion-single-line-meta\"><span class=\"vcard\" style=\"display: none;\"><span class=\"fn\"><a href=\"https:\/\/www.aquimicasa.net\/blog\/author\/eduardo\/\" title=\"Entradas de Eduardo Lizarraga\" rel=\"author\">Eduardo Lizarraga<\/a><\/span><\/span><span class=\"updated\" style=\"display:none;\">2023-06-27T23:24:25+02:00<\/span><span>junio 27th, 2023<\/span><span class=\"fusion-inline-sep\">|<\/span><\/p><div class=\"fusion-content-sep sep-shadow\" style=\"border-color:#ebeaea;\"><\/div><div class=\"fusion-post-content-container\"><p>La asociaci\u00f3n ha presentado una denuncia ante el Ministerio de Consumo informando de esta irregularidad por parte de la distribuidora alemana, y le ha pedido que abra una investigaci\u00f3n e imponga una sanci\u00f3n en caso de confirmar que se ha vulnerado la ley.<\/p><\/div><\/div><div class=\"fusion-meta-info\"><div class=\"fusion-alignleft\"><a class=\"fusion-read-more\" href=\"https:\/\/www.aquimicasa.net\/blog\/consumo\/consumidores\/facua-denuncia-a-lidl-por-publicidad-enganosa\/\" aria-label=\"More on Facua denuncia a Lidl por publicidad enga\u00f1osa\">Leer M\u00e1s<\/a><\/div><div class=\"fusion-alignright\"><a href=\"https:\/\/www.aquimicasa.net\/blog\/consumo\/consumidores\/facua-denuncia-a-lidl-por-publicidad-enganosa\/#respond\"><i class=\"fusion-icon-bubbles\" aria-hidden=\"true\"><\/i>&nbsp;0<\/a><\/div><\/div><\/div><div class=\"fusion-clearfix\"><\/div><\/div>\n<\/article>\n<article id=\"blog-3-post-44546\" class=\"fusion-post-grid post-44546 post type-post status-publish format-standard has-post-thumbnail hentry category-consumidores tag-inflacion tag-newsletter-414 tag-noticia-de-portada\">\n<div class=\"fusion-post-wrapper\" style=\"background-color:rgba(255,255,255,1);border:1px solid #ebeaea;border-bottom-width:3px;\">\n\n\t\t\t<div class=\"fusion-flexslider flexslider fusion-flexslider-loading fusion-post-slideshow\" style=\"border-color:#ebeaea;\">\n\t\t<ul class=\"slides\">\n\t\t\t\n\t\t\t\t\t\t\t\t\t\t\t\t\t\t<li>\n\n<div  class=\"fusion-image-wrapper\" aria-haspopup=\"true\">\n\t\n\t\n\t\n\t\t\n\t\t\t\t\t<img decoding=\"async\" width=\"400\" height=\"304\" src=\"https:\/\/www.aquimicasa.net\/blog\/wp-content\/uploads\/alimentacion3-e1687039563133.jpg\" class=\"attachment-full size-full wp-post-image\" alt=\"Las subidas de la alimentaci\u00f3n\" srcset=\"https:\/\/www.aquimicasa.net\/blog\/wp-content\/uploads\/alimentacion3-e1687039563133-200x152.jpg 200w, https:\/\/www.aquimicasa.net\/blog\/wp-content\/uploads\/alimentacion3-e1687039563133.jpg 400w\" sizes=\"(min-width: 2200px) 100vw, (min-width: 712px) 530px, (min-width: 640px) 712px, \" \/>\n\t\n\n\t\t<div class=\"fusion-rollover\">\n\t<div class=\"fusion-rollover-content\">\n\n\t\t\t\t\n\t\t\n\t\t\t\t\t\t\t\t\t\t\t\t<h4 class=\"fusion-rollover-title\">\n\t\t\t\t\t<a class=\"fusion-rollover-title-link\" href=\"https:\/\/www.aquimicasa.net\/blog\/consumo\/consumidores\/con-una-administracion-ausente-facua-controla-los-precios\/\">\n\t\t\t\t\t\tCon una Administraci\u00f3n ausente, FACUA controla los precios\t\t\t\t\t<\/a>\n\t\t\t\t<\/h4>\n\t\t\t\n\t\t\t\t\t\t\t\t\n\t\t\n\t\t\t\t\t\t<a class=\"fusion-link-wrapper\" href=\"https:\/\/www.aquimicasa.net\/blog\/consumo\/consumidores\/con-una-administracion-ausente-facua-controla-los-precios\/\" aria-label=\"Con una Administraci\u00f3n ausente, FACUA controla los precios\"><\/a>\n\t<\/div>\n<\/div>\n\n\t\n<\/div>\n<\/li>\n\t\t\t\n\t\t\t\n\t\t\t\t\t\t\t\t\t\t\t\t\t\t\t\t\t\t\t\t\t\t\t\t\t\t\t\t\t\t\t\t\t\t\t\t\t\t\t\t\t\t\t\t\t\t\t\t\t\t\t\t\t\t\t\t\t\t\t\t\t\t\t\t\t\t\t\t<\/ul>\n\t<\/div>\n\t<div class=\"fusion-post-content-wrapper\" style=\"padding:30px 25px 20px 25px;\"><div class=\"fusion-post-content post-content\"><h2 class=\"blog-shortcode-post-title entry-title\"><a href=\"https:\/\/www.aquimicasa.net\/blog\/consumo\/consumidores\/con-una-administracion-ausente-facua-controla-los-precios\/\">Con una Administraci\u00f3n ausente, FACUA controla los precios<\/a><\/h2><p class=\"fusion-single-line-meta\"><span class=\"vcard\" style=\"display: none;\"><span class=\"fn\"><a href=\"https:\/\/www.aquimicasa.net\/blog\/author\/eduardo\/\" title=\"Entradas de Eduardo Lizarraga\" rel=\"author\">Eduardo Lizarraga<\/a><\/span><\/span><span class=\"updated\" style=\"display:none;\">2023-06-18T00:06:48+02:00<\/span><span>junio 18th, 2023<\/span><span class=\"fusion-inline-sep\">|<\/span><\/p><div class=\"fusion-content-sep sep-shadow\" style=\"border-color:#ebeaea;\"><\/div><div class=\"fusion-post-content-container\"><p>Este mes de junio, el mayor n\u00famero de anomal\u00edas se han detectado en Aldi, donde se han encarecido 34 del total de 59 precios analizados (un 57,6%). Le sigue Carrefour, con 91 productos m\u00e1s caros que el 30 de diciembre sobre una muestra de 164 precios (el 55,4%).<\/p><\/div><\/div><div class=\"fusion-meta-info\"><div class=\"fusion-alignleft\"><a class=\"fusion-read-more\" href=\"https:\/\/www.aquimicasa.net\/blog\/consumo\/consumidores\/con-una-administracion-ausente-facua-controla-los-precios\/\" aria-label=\"More on Con una Administraci\u00f3n ausente, FACUA controla los precios\">Leer M\u00e1s<\/a><\/div><div class=\"fusion-alignright\"><a href=\"https:\/\/www.aquimicasa.net\/blog\/consumo\/consumidores\/con-una-administracion-ausente-facua-controla-los-precios\/#respond\"><i class=\"fusion-icon-bubbles\" aria-hidden=\"true\"><\/i>&nbsp;0<\/a><\/div><\/div><\/div><div class=\"fusion-clearfix\"><\/div><\/div>\n<\/article>\n<div class=\"fusion-clearfix\"><\/div><\/div><\/div><div class=\"fusion-clearfix\"><\/div><\/div><\/div><\/div><\/div><div class=\"fusion-fullwidth fullwidth-box fusion-builder-row-6 hundred-percent-fullwidth non-hundred-percent-height-scrolling\" style=\"background-color: #ededed;background-position: center center;background-repeat: no-repeat;padding-top:40px;padding-right:0px;padding-bottom:0px;padding-left:0px;margin-bottom: -3%;margin-top: 0px;border-width: 0px 0px 0px 0px;border-color:#eae9e9;border-style:solid;\" ><div class=\"fusion-builder-row fusion-row\"><div class=\"fusion-layout-column fusion_builder_column fusion-builder-column-11 fusion_builder_column_1_6 1_6 fusion-one-sixth fusion-column-first\" style=\"width:16.666666666667%;width:calc(16.666666666667% - ( ( 4% + 4% ) * 0.16666666666667 ) );margin-right: 4%;margin-top:0px;margin-bottom:20px;\"><div class=\"fusion-column-wrapper fusion-flex-column-wrapper-legacy\" style=\"background-position:left top;background-repeat:no-repeat;-webkit-background-size:cover;-moz-background-size:cover;-o-background-size:cover;background-size:cover;padding: 0px 0px 0px 0px;\"><div class=\"fusion-clearfix\"><\/div><\/div><\/div><div class=\"fusion-layout-column fusion_builder_column fusion-builder-column-12 fusion_builder_column_2_3 2_3 fusion-two-third\" style=\"width:66.666666666667%;width:calc(66.666666666667% - ( ( 4% + 4% ) * 0.66666666666667 ) );margin-right: 4%;margin-top:0px;margin-bottom:20px;\"><div class=\"fusion-column-wrapper fusion-flex-column-wrapper-legacy\" style=\"background-position:left top;background-repeat:no-repeat;-webkit-background-size:cover;-moz-background-size:cover;-o-background-size:cover;background-size:cover;padding: 0px 0px 0px 0px;\"><style type=\"text\/css\"><\/style><div class=\"fusion-title title fusion-title-4 sep-underline sep-dotted fusion-title-text fusion-title-size-two\" style=\"border-bottom-color:#000000;font-size:22px;margin-top:0px;margin-right:0px;margin-bottom:31px;margin-left:0px;\"><h2 class=\"title-heading-left\" style=\"margin:0;font-size:1em;\">Opini\u00f3n<\/h2><\/div><div class=\"fusion-blog-shortcode fusion-blog-shortcode-4 fusion-blog-archive fusion-blog-layout-medium fusion-blog-no\"><div class=\"fusion-posts-container fusion-posts-container-no fusion-blog-rollover\" data-pages=\"261\"><article id=\"blog-4-post-57272\" class=\"fusion-post-medium post-57272 post type-post status-publish format-standard has-post-thumbnail hentry category-opinion tag-articulo-de-opinion tag-eduardo-lizarraga tag-newsletter-576\">\n\t<style type=\"text\/css\">\n\t\t\n\t\t\n\t\t\n\t\t\n\t\t\t<\/style>\n\n\n\t\t\t<div class=\"fusion-flexslider flexslider fusion-flexslider-loading fusion-post-slideshow\" style=\"\">\n\t\t<ul class=\"slides\">\n\t\t\t\n\t\t\t\t\t\t\t\t\t\t\t\t\t\t<li>\n\n<div  class=\"fusion-image-wrapper fusion-image-size-fixed\" aria-haspopup=\"true\">\n\t\n\t\n\t\n\t\t\n\t\t\t\t\t<img decoding=\"async\" width=\"320\" height=\"202\" src=\"https:\/\/www.aquimicasa.net\/blog\/wp-content\/uploads\/Inmobiliaria-vetusta-320x202.png\" class=\"attachment-blog-medium size-blog-medium wp-post-image\" alt=\"\u00bfQuieres diferenciarte o seguir como siempre?\" srcset=\"https:\/\/www.aquimicasa.net\/blog\/wp-content\/uploads\/Inmobiliaria-vetusta-320x202.png 320w, https:\/\/www.aquimicasa.net\/blog\/wp-content\/uploads\/Inmobiliaria-vetusta-700x441.png 700w\" sizes=\"(max-width: 320px) 100vw, 320px\" \/>\n\t\n\n\t\t<div class=\"fusion-rollover\">\n\t<div class=\"fusion-rollover-content\">\n\n\t\t\t\t\n\t\t\n\t\t\t\t\t\t\t\t\t\t\t\t<h4 class=\"fusion-rollover-title\">\n\t\t\t\t\t<a class=\"fusion-rollover-title-link\" href=\"https:\/\/www.aquimicasa.net\/blog\/opinion\/que-tu-inmobiliaria-no-siga-viviendo-en-el-2015\/\">\n\t\t\t\t\t\tQue tu inmobiliaria no siga viviendo en el 2015\t\t\t\t\t<\/a>\n\t\t\t\t<\/h4>\n\t\t\t\n\t\t\t\t\t\t\t\t\n\t\t\n\t\t\t\t\t\t<a class=\"fusion-link-wrapper\" href=\"https:\/\/www.aquimicasa.net\/blog\/opinion\/que-tu-inmobiliaria-no-siga-viviendo-en-el-2015\/\" aria-label=\"Que tu inmobiliaria no siga viviendo en el 2015\"><\/a>\n\t<\/div>\n<\/div>\n\n\t\n<\/div>\n<\/li>\n\t\t\t\n\t\t\t\n\t\t\t\t\t\t\t\t\t\t\t\t\t\t\t\t\t\t\t\t\t\t\t\t\t\t\t\t\t\t\t\t\t\t\t\t\t\t\t\t\t\t\t\t\t\t\t\t\t\t\t\t\t\t\t\t\t\t\t\t\t\t\t\t\t\t\t\t<\/ul>\n\t<\/div>\n\t<div class=\"fusion-post-content post-content\"><h2 class=\"blog-shortcode-post-title entry-title\"><a href=\"https:\/\/www.aquimicasa.net\/blog\/opinion\/que-tu-inmobiliaria-no-siga-viviendo-en-el-2015\/\">Que tu inmobiliaria no siga viviendo en el 2015<\/a><\/h2><div class=\"fusion-post-content-container\"><p>Aqu\u00ed es donde muchos se pierden. Confunden \"tener una web\" con \"tener presencia digital\", y son dos cosas radicalmente distintas. Una web propia no es un cartel digital donde cuelgas cuatro pisos y esperas milagros. Es el \u00fanico activo online que realmente te pertenece. Los leads que llegan por tu web son tuyos, no del portal que te los alquila con condiciones que cambian cuando a ellos les conviene. Tu marca, tu contenido, tus datos de clientes: todo eso vive en un espacio que controlas t\u00fa, y no un tercero que un d\u00eda decide subirte la tarifa un 20% porque le apetece.<\/p><\/div><\/div><div class=\"fusion-clearfix\"><\/div><div class=\"fusion-meta-info\"><div class=\"fusion-alignleft\">Por <span class=\"vcard\"><span class=\"fn\"><a href=\"https:\/\/www.aquimicasa.net\/blog\/author\/eduardo\/\" title=\"Entradas de Eduardo Lizarraga\" rel=\"author\">Eduardo Lizarraga<\/a><\/span><\/span><span class=\"fusion-inline-sep\">|<\/span><span class=\"updated\" style=\"display:none;\">2026-07-30T07:21:36+02:00<\/span><span>julio 30th, 2026<\/span><span class=\"fusion-inline-sep\">|<\/span><span class=\"fusion-comments\"><span>Comentarios desactivados<span class=\"screen-reader-text\"> en Que tu inmobiliaria no siga viviendo en el 2015<\/span><\/span><\/span><\/div><div class=\"fusion-alignright\"><a class=\"fusion-read-more\" href=\"https:\/\/www.aquimicasa.net\/blog\/opinion\/que-tu-inmobiliaria-no-siga-viviendo-en-el-2015\/\" aria-label=\"More on Que tu inmobiliaria no siga viviendo en el 2015\">Leer M\u00e1s<\/a><\/div><\/div><\/article>\n<\/div><\/div><div class=\"fusion-clearfix\"><\/div><\/div><\/div><div class=\"fusion-layout-column fusion_builder_column fusion-builder-column-13 fusion_builder_column_1_6 1_6 fusion-one-sixth fusion-column-last\" style=\"width:16.666666666667%;width:calc(16.666666666667% - ( ( 4% + 4% ) * 0.16666666666667 ) );margin-top:0px;margin-bottom:20px;\"><div class=\"fusion-column-wrapper fusion-flex-column-wrapper-legacy\" style=\"background-position:left top;background-repeat:no-repeat;-webkit-background-size:cover;-moz-background-size:cover;-o-background-size:cover;background-size:cover;padding: 0px 0px 0px 0px;\"><div class=\"fusion-clearfix\"><\/div><\/div><\/div><div class=\"fusion-layout-column fusion_builder_column fusion-builder-column-14 fusion_builder_column_1_1 1_1 fusion-one-full fusion-column-first fusion-column-last\" style=\"margin-top:0px;margin-bottom:20px;\"><div class=\"fusion-column-wrapper fusion-flex-column-wrapper-legacy\" style=\"background-position:left top;background-repeat:no-repeat;-webkit-background-size:cover;-moz-background-size:cover;-o-background-size:cover;background-size:cover;padding: 50px 0px 50px 0px;\"><div class=\"fusion-aligncenter\"><style type=\"text\/css\">.fusion-button.button-7 {border-radius:2px;}<\/style><a class=\"fusion-button button-flat button-xlarge button-default button-7 fusion-button-default-span fusion-button-default-type\" target=\"_self\" href=\"https:\/\/www.aquimicasa.net\/\"><span class=\"fusion-button-text\">ENCUENTRA TU CASA AQU\u00cd<\/span><i class=\"fa-hand-point-left fas button-icon-right\" aria-hidden=\"true\"><\/i><\/a><\/div><div class=\"fusion-clearfix\"><\/div><\/div><\/div><\/div><\/div><\/p>\n","protected":false},"excerpt":{"rendered":"","protected":false},"author":34,"featured_media":0,"parent":0,"menu_order":0,"comment_status":"closed","ping_status":"closed","template":"100-width.php","meta":{"footnotes":""},"class_list":["post-31277","page","type-page","status-publish","hentry"],"yoast_head":"<!-- This site is optimized with the Yoast SEO plugin v28.2 - https:\/\/yoast.com\/product\/yoast-seo-wordpress\/ -->\n<title>Inicio - Blog de aquimicasa.net<\/title>\n<meta name=\"description\" content=\"Informac\u00ed\u00f3n al d\u00eda para el sector inmobiliario. Todas las noticias de actualidad que afectan al sector inmobiliario en el blog de aquimicasa.net\" \/>\n<meta name=\"robots\" content=\"index, follow, max-snippet:-1, max-image-preview:large, max-video-preview:-1\" \/>\n<link rel=\"canonical\" href=\"https:\/\/www.aquimicasa.net\/blog\/\" \/>\n<meta property=\"og:locale\" content=\"es_ES\" \/>\n<meta property=\"og:type\" content=\"article\" \/>\n<meta property=\"og:title\" content=\"Inicio - Blog de aquimicasa.net\" \/>\n<meta property=\"og:description\" content=\"Informac\u00ed\u00f3n al d\u00eda para el sector inmobiliario. Todas las noticias de actualidad que afectan al sector inmobiliario en el blog de aquimicasa.net\" \/>\n<meta property=\"og:url\" content=\"https:\/\/www.aquimicasa.net\/blog\/\" \/>\n<meta property=\"og:site_name\" content=\"Blog de aquimicasa.net\" \/>\n<meta property=\"article:publisher\" content=\"https:\/\/www.facebook.com\/aquimicasa.net\" \/>\n<meta property=\"article:modified_time\" content=\"2024-08-09T11:42:06+00:00\" \/>\n<meta name=\"twitter:label1\" content=\"Tiempo de lectura\" \/>\n\t<meta name=\"twitter:data1\" content=\"12 minutos\" \/>\n<script type=\"application\/ld+json\" class=\"yoast-schema-graph\">{\"@context\":\"https:\\\/\\\/schema.org\",\"@graph\":[{\"@type\":\"WebPage\",\"@id\":\"https:\\\/\\\/www.aquimicasa.net\\\/blog\\\/\",\"url\":\"https:\\\/\\\/www.aquimicasa.net\\\/blog\\\/\",\"name\":\"Inicio - Blog de aquimicasa.net\",\"isPartOf\":{\"@id\":\"https:\\\/\\\/www.aquimicasa.net\\\/blog\\\/#website\"},\"datePublished\":\"2020-04-12T16:26:49+00:00\",\"dateModified\":\"2024-08-09T11:42:06+00:00\",\"description\":\"Informac\u00ed\u00f3n al d\u00eda para el sector inmobiliario. Todas las noticias de actualidad que afectan al sector inmobiliario en el blog de aquimicasa.net\",\"breadcrumb\":{\"@id\":\"https:\\\/\\\/www.aquimicasa.net\\\/blog\\\/#breadcrumb\"},\"inLanguage\":\"es\",\"potentialAction\":[{\"@type\":\"ReadAction\",\"target\":[\"https:\\\/\\\/www.aquimicasa.net\\\/blog\\\/\"]}]},{\"@type\":\"BreadcrumbList\",\"@id\":\"https:\\\/\\\/www.aquimicasa.net\\\/blog\\\/#breadcrumb\",\"itemListElement\":[{\"@type\":\"ListItem\",\"position\":1,\"name\":\"Portada\",\"item\":\"https:\\\/\\\/www.aquimicasa.net\\\/blog\\\/\"},{\"@type\":\"ListItem\",\"position\":2,\"name\":\"Inicio\"}]},{\"@type\":\"WebSite\",\"@id\":\"https:\\\/\\\/www.aquimicasa.net\\\/blog\\\/#website\",\"url\":\"https:\\\/\\\/www.aquimicasa.net\\\/blog\\\/\",\"name\":\"Blog de aquimicasa.net\",\"description\":\"Noticias del Mundo Inmobiliario\",\"publisher\":{\"@id\":\"https:\\\/\\\/www.aquimicasa.net\\\/blog\\\/#organization\"},\"potentialAction\":[{\"@type\":\"SearchAction\",\"target\":{\"@type\":\"EntryPoint\",\"urlTemplate\":\"https:\\\/\\\/www.aquimicasa.net\\\/blog\\\/?s={search_term_string}\"},\"query-input\":{\"@type\":\"PropertyValueSpecification\",\"valueRequired\":true,\"valueName\":\"search_term_string\"}}],\"inLanguage\":\"es\"},{\"@type\":\"Organization\",\"@id\":\"https:\\\/\\\/www.aquimicasa.net\\\/blog\\\/#organization\",\"name\":\"Blog de aquimicasa.net\",\"url\":\"https:\\\/\\\/www.aquimicasa.net\\\/blog\\\/\",\"logo\":{\"@type\":\"ImageObject\",\"inLanguage\":\"es\",\"@id\":\"https:\\\/\\\/www.aquimicasa.net\\\/blog\\\/#\\\/schema\\\/logo\\\/image\\\/\",\"url\":\"https:\\\/\\\/www.aquimicasa.net\\\/blog\\\/wp-content\\\/uploads\\\/Logo-aquimicasa-1-e1528048213782.png\",\"contentUrl\":\"https:\\\/\\\/www.aquimicasa.net\\\/blog\\\/wp-content\\\/uploads\\\/Logo-aquimicasa-1-e1528048213782.png\",\"width\":225,\"height\":225,\"caption\":\"Blog de aquimicasa.net\"},\"image\":{\"@id\":\"https:\\\/\\\/www.aquimicasa.net\\\/blog\\\/#\\\/schema\\\/logo\\\/image\\\/\"},\"sameAs\":[\"https:\\\/\\\/www.facebook.com\\\/aquimicasa.net\",\"https:\\\/\\\/www.instagram.com\\\/\",\"https:\\\/\\\/x.com\\\/EduLizarragaD\",\"https:\\\/\\\/www.linkedin.com\\\/feed\\\/\"]}]}<\/script>\n<!-- \/ Yoast SEO plugin. -->","yoast_head_json":{"title":"Inicio - Blog de aquimicasa.net","description":"Informac\u00ed\u00f3n al d\u00eda para el sector inmobiliario. Todas las noticias de actualidad que afectan al sector inmobiliario en el blog de aquimicasa.net","robots":{"index":"index","follow":"follow","max-snippet":"max-snippet:-1","max-image-preview":"max-image-preview:large","max-video-preview":"max-video-preview:-1"},"canonical":"https:\/\/www.aquimicasa.net\/blog\/","og_locale":"es_ES","og_type":"article","og_title":"Inicio - Blog de aquimicasa.net","og_description":"Informac\u00ed\u00f3n al d\u00eda para el sector inmobiliario. Todas las noticias de actualidad que afectan al sector inmobiliario en el blog de aquimicasa.net","og_url":"https:\/\/www.aquimicasa.net\/blog\/","og_site_name":"Blog de aquimicasa.net","article_publisher":"https:\/\/www.facebook.com\/aquimicasa.net","article_modified_time":"2024-08-09T11:42:06+00:00","twitter_misc":{"Tiempo de lectura":"12 minutos"},"schema":{"@context":"https:\/\/schema.org","@graph":[{"@type":"WebPage","@id":"https:\/\/www.aquimicasa.net\/blog\/","url":"https:\/\/www.aquimicasa.net\/blog\/","name":"Inicio - Blog de aquimicasa.net","isPartOf":{"@id":"https:\/\/www.aquimicasa.net\/blog\/#website"},"datePublished":"2020-04-12T16:26:49+00:00","dateModified":"2024-08-09T11:42:06+00:00","description":"Informac\u00ed\u00f3n al d\u00eda para el sector inmobiliario. Todas las noticias de actualidad que afectan al sector inmobiliario en el blog de aquimicasa.net","breadcrumb":{"@id":"https:\/\/www.aquimicasa.net\/blog\/#breadcrumb"},"inLanguage":"es","potentialAction":[{"@type":"ReadAction","target":["https:\/\/www.aquimicasa.net\/blog\/"]}]},{"@type":"BreadcrumbList","@id":"https:\/\/www.aquimicasa.net\/blog\/#breadcrumb","itemListElement":[{"@type":"ListItem","position":1,"name":"Portada","item":"https:\/\/www.aquimicasa.net\/blog\/"},{"@type":"ListItem","position":2,"name":"Inicio"}]},{"@type":"WebSite","@id":"https:\/\/www.aquimicasa.net\/blog\/#website","url":"https:\/\/www.aquimicasa.net\/blog\/","name":"Blog de aquimicasa.net","description":"Noticias del Mundo Inmobiliario","publisher":{"@id":"https:\/\/www.aquimicasa.net\/blog\/#organization"},"potentialAction":[{"@type":"SearchAction","target":{"@type":"EntryPoint","urlTemplate":"https:\/\/www.aquimicasa.net\/blog\/?s={search_term_string}"},"query-input":{"@type":"PropertyValueSpecification","valueRequired":true,"valueName":"search_term_string"}}],"inLanguage":"es"},{"@type":"Organization","@id":"https:\/\/www.aquimicasa.net\/blog\/#organization","name":"Blog de aquimicasa.net","url":"https:\/\/www.aquimicasa.net\/blog\/","logo":{"@type":"ImageObject","inLanguage":"es","@id":"https:\/\/www.aquimicasa.net\/blog\/#\/schema\/logo\/image\/","url":"https:\/\/www.aquimicasa.net\/blog\/wp-content\/uploads\/Logo-aquimicasa-1-e1528048213782.png","contentUrl":"https:\/\/www.aquimicasa.net\/blog\/wp-content\/uploads\/Logo-aquimicasa-1-e1528048213782.png","width":225,"height":225,"caption":"Blog de aquimicasa.net"},"image":{"@id":"https:\/\/www.aquimicasa.net\/blog\/#\/schema\/logo\/image\/"},"sameAs":["https:\/\/www.facebook.com\/aquimicasa.net","https:\/\/www.instagram.com\/","https:\/\/x.com\/EduLizarragaD","https:\/\/www.linkedin.com\/feed\/"]}]}},"jetpack_sharing_enabled":true,"jetpack_likes_enabled":true,"_links":{"self":[{"href":"https:\/\/www.aquimicasa.net\/blog\/wp-json\/wp\/v2\/pages\/31277","targetHints":{"allow":["GET"]}}],"collection":[{"href":"https:\/\/www.aquimicasa.net\/blog\/wp-json\/wp\/v2\/pages"}],"about":[{"href":"https:\/\/www.aquimicasa.net\/blog\/wp-json\/wp\/v2\/types\/page"}],"author":[{"embeddable":true,"href":"https:\/\/www.aquimicasa.net\/blog\/wp-json\/wp\/v2\/users\/34"}],"replies":[{"embeddable":true,"href":"https:\/\/www.aquimicasa.net\/blog\/wp-json\/wp\/v2\/comments?post=31277"}],"version-history":[{"count":72,"href":"https:\/\/www.aquimicasa.net\/blog\/wp-json\/wp\/v2\/pages\/31277\/revisions"}],"predecessor-version":[{"id":48606,"href":"https:\/\/www.aquimicasa.net\/blog\/wp-json\/wp\/v2\/pages\/31277\/revisions\/48606"}],"wp:attachment":[{"href":"https:\/\/www.aquimicasa.net\/blog\/wp-json\/wp\/v2\/media?parent=31277"}],"curies":[{"name":"wp","href":"https:\/\/api.w.org\/{rel}","templated":true}]}}